{"id":162,"date":"2024-03-13T15:42:31","date_gmt":"2024-03-13T15:42:31","guid":{"rendered":"http:\/\/www.fondationculturellebrebeuf.org\/?page_id=162"},"modified":"2026-01-14T13:38:13","modified_gmt":"2026-01-14T18:38:13","slug":"a-propos","status":"publish","type":"page","link":"https:\/\/www.fondationculturellebrebeuf.org\/index.php\/a-propos\/","title":{"rendered":"\u00c0 propos"},"content":{"rendered":"<p>[et_pb_section fb_built=\u00a0\u00bb1&Prime; admin_label=\u00a0\u00bbHero\u00a0\u00bb _builder_version=\u00a0\u00bb4.24.3&Prime; use_background_color_gradient=\u00a0\u00bbon\u00a0\u00bb background_color_gradient_type=\u00a0\u00bbcircular\u00a0\u00bb background_color_gradient_direction_radial=\u00a0\u00bbtop left\u00a0\u00bb background_color_gradient_stops=\u00a0\u00bbrgba(40,40,40,0.79) 0%|rgba(40,40,40,0.86) 100%\u00a0\u00bb background_color_gradient_overlays_image=\u00a0\u00bbon\u00a0\u00bb background_color_gradient_start=\u00a0\u00bbrgba(40,40,40,0.79)\u00a0\u00bb background_color_gradient_end=\u00a0\u00bbrgba(40,40,40,0.86)\u00a0\u00bb background_image=\u00a0\u00bbhttps:\/\/www.fondationculturellebrebeuf.org\/vs2024\/wp-content\/uploads\/2024\/02\/facade1-1536&#215;1152-1.jpg\u00a0\u00bb custom_margin=\u00a0\u00bb||||false\u00a0\u00bb custom_padding=\u00a0\u00bb0vw||0vw||true|false\u00a0\u00bb global_colors_info=\u00a0\u00bb{}\u00a0\u00bb][et_pb_row column_structure=\u00a0\u00bb2_3,1_3&Prime; _builder_version=\u00a0\u00bb4.16&Prime; global_colors_info=\u00a0\u00bb{}\u00a0\u00bb][et_pb_column type=\u00a0\u00bb2_3&Prime; _builder_version=\u00a0\u00bb4.16&Prime; custom_padding=\u00a0\u00bb|||\u00a0\u00bb global_colors_info=\u00a0\u00bb{}\u00a0\u00bb custom_padding__hover=\u00a0\u00bb|||\u00a0\u00bb][et_pb_text _builder_version=\u00a0\u00bb4.24.2&Prime; text_font=\u00a0\u00bb||||||||\u00a0\u00bb header_font=\u00a0\u00bbRubik|700|||||||\u00a0\u00bb header_font_size=\u00a0\u00bb64px\u00a0\u00bb header_line_height=\u00a0\u00bb1.1em\u00a0\u00bb background_layout=\u00a0\u00bbdark\u00a0\u00bb max_width=\u00a0\u00bb800px\u00a0\u00bb custom_margin=\u00a0\u00bb||0px|\u00a0\u00bb custom_padding=\u00a0\u00bb|||16px\u00a0\u00bb text_font_size_tablet=\u00a0\u00bb14px\u00a0\u00bb text_font_size_last_edited=\u00a0\u00bboff|desktop\u00a0\u00bb header_font_size_tablet=\u00a0\u00bb44px\u00a0\u00bb header_font_size_phone=\u00a0\u00bb32px\u00a0\u00bb header_font_size_last_edited=\u00a0\u00bbon|phone\u00a0\u00bb border_color_all=\u00a0\u00bb#b72717&Prime; border_width_left=\u00a0\u00bb10px\u00a0\u00bb global_colors_info=\u00a0\u00bb{}\u00a0\u00bb]<\/p>\n<h1>Notre association et son histoire<\/h1>\n<p>[\/et_pb_text][et_pb_text _builder_version=\u00a0\u00bb4.16&Prime; text_font=\u00a0\u00bb||||||||\u00a0\u00bb text_font_size=\u00a0\u00bb22px\u00a0\u00bb text_line_height=\u00a0\u00bb1.6em\u00a0\u00bb header_font=\u00a0\u00bb||||||||\u00a0\u00bb background_layout=\u00a0\u00bbdark\u00a0\u00bb max_width=\u00a0\u00bb800px\u00a0\u00bb custom_margin=\u00a0\u00bb|||\u00a0\u00bb custom_padding=\u00a0\u00bb20px||20px||true\u00a0\u00bb text_font_size_tablet=\u00a0\u00bb18px\u00a0\u00bb text_font_size_phone=\u00a0\u00bb\u00a0\u00bb text_font_size_last_edited=\u00a0\u00bbon|phone\u00a0\u00bb global_colors_info=\u00a0\u00bb{}\u00a0\u00bb][\/et_pb_text][\/et_pb_column][et_pb_column type=\u00a0\u00bb1_3&Prime; _builder_version=\u00a0\u00bb4.16&Prime; custom_padding=\u00a0\u00bb|||\u00a0\u00bb global_colors_info=\u00a0\u00bb{}\u00a0\u00bb custom_padding__hover=\u00a0\u00bb|||\u00a0\u00bb][\/et_pb_column][\/et_pb_row][\/et_pb_section][et_pb_section fb_built=\u00a0\u00bb1&Prime; _builder_version=\u00a0\u00bb4.24.2&Prime; _module_preset=\u00a0\u00bbdefault\u00a0\u00bb global_colors_info=\u00a0\u00bb{}\u00a0\u00bb][et_pb_row _builder_version=\u00a0\u00bb4.24.2&Prime; _module_preset=\u00a0\u00bbdefault\u00a0\u00bb global_colors_info=\u00a0\u00bb{}\u00a0\u00bb][et_pb_column type=\u00a0\u00bb4_4&Prime; _builder_version=\u00a0\u00bb4.24.2&Prime; _module_preset=\u00a0\u00bbdefault\u00a0\u00bb global_colors_info=\u00a0\u00bb{}\u00a0\u00bb][et_pb_text _builder_version=\u00a0\u00bb4.24.2&Prime; _module_preset=\u00a0\u00bbdefault\u00a0\u00bb global_colors_info=\u00a0\u00bb{}\u00a0\u00bb]<\/p>\n<div class=\"vc_row wpb_row vc_row-fluid\">\n<div class=\"wpb_column vc_column_container vc_col-sm-12\">\n<div class=\"vc_column-inner\">\n<div class=\"wpb_wrapper\">\n<div class=\"wpb_text_column wpb_content_element \">\n<div class=\"wpb_wrapper\">\n<h3><span style=\"color: #000000; font-size: xx-large;\"><strong>Notre mission<\/strong><\/span><\/h3>\n<p><span style=\"color: #000000; font-size: xx-large;\"><strong><\/strong><\/span><\/p>\n<p><span style=\"color: #000000; font-size: xx-large;\"><strong><\/strong><\/span><\/p>\n<\/div>\n<\/div>\n<div class=\"wpb_text_column wpb_content_element \">\n<div class=\"wpb_wrapper\">\n<p><span style=\"font-size: large; color: #000000;\">\u00c0 la Fondation culturelle Jean-de-Br\u00e9beuf, notre mission est \u00e0 la fois \u00e9ducative,<\/span>\u00a0<span style=\"color: #000000; font-size: large;\"><span style=\"font-size: large;\">culturelle et sociale :<\/span> <\/span><strong style=\"color: #000000; font-size: large;\">\u00e9ducative et culturelle<\/strong><span style=\"color: #000000; font-size: large;\"> puisque nous offrons des lieux d&rsquo;apprentissage, de <\/span><span style=\"color: #000000; font-size: large;\">r\u00e9flexion <\/span><span style=\"color: #000000; font-size: large;\">et d&rsquo;\u00e9change qui permettent aux gens \u00e2g\u00e9s de rester engag\u00e9s, au fait des enjeux <\/span><span style=\"color: #000000; font-size: large;\">d&rsquo;actualit\u00e9, et de poursuivre leur \u00e9panouissement personnel en maintenant une vie culturelle active; <strong>sociale<\/strong><\/span><span style=\"color: #000000; font-size: large;\">\u00a0puisque nous contribuons ainsi \u00e0 contrer la marginalisation et l&rsquo;isolement qu&rsquo;entra\u00eenent trop souvent la cessation du travail et l&rsquo;avance en \u00e2ge.<\/span><\/p>\n<p><span style=\"font-size: large; color: #000000;\">\u00a0<\/span><\/p>\n<\/div>\n<\/div>\n<\/div>\n<\/div>\n<\/div>\n<\/div>\n<div class=\"vc_row wpb_row vc_row-fluid\">\n<div class=\"wpb_column vc_column_container vc_col-sm-12\">\n<div class=\"vc_column-inner\">\n<div class=\"wpb_wrapper\">\n<div class=\"wpb_text_column wpb_content_element \">\n<div class=\"wpb_wrapper\">\n<h3><span style=\"color: #000000; font-size: xx-large;\"><strong>Nos objectifs<\/strong><\/span><\/h3>\n<p><span style=\"color: #000000; font-size: xx-large;\"><strong><\/strong><\/span><\/p>\n<p><span style=\"color: #000000; font-size: xx-large;\"><strong><\/strong><\/span><\/p>\n<\/div>\n<\/div>\n<div class=\"wpb_text_column wpb_content_element \">\n<div class=\"wpb_wrapper\">\n<p><span style=\"color: #000000; font-size: large;\">Nos principaux objectifs sont d\u2019offrir aux adultes, retrait\u00e9s ou non, la possibilit\u00e9 :<\/span><\/p>\n<p><span style=\"color: #000000; font-size: large;\"><strong>(i)<\/strong>\u00a0 \u00a0 \u00a0 De poursuivre leur \u00e9panouissement personnel et de d\u00e9velopper leur r\u00e9flexion et leur cr\u00e9ativit\u00e9 gr\u00e2ce \u00e0 l&rsquo;enrichissement culturel, \u00e0 la stimulation<\/span> <span style=\"color: #000000; font-size: large;\">intellectuelle et au partage des id\u00e9es;<\/span><\/p>\n<p><span style=\"color: #000000; font-size: large;\"><strong>(ii)<\/strong>\u00a0 \u00a0 \u00a0D&rsquo;acqu\u00e9rir de nouvelles connaissances dans les divers champs de savoir et de d\u00e9velopper leur int\u00e9r\u00eat pour les questions d&rsquo;actualit\u00e9, les changements sociaux et l&rsquo;impact des nouvelles technologies;<\/span><\/p>\n<p><span style=\"color: #000000; font-size: large;\"><strong>(iii)<\/strong>\u00a0 \u00a0 De partager leur savoir en transmettant les acquis de leurs exp\u00e9riences;<\/span><\/p>\n<p><span style=\"color: #000000; font-size: large;\"><strong>(iv)<\/strong>\u00a0 \u00a0 De cr\u00e9er de nouveaux r\u00e9seaux de relations;<\/span><\/p>\n<p><span style=\"color: #000000; font-size: large;\"><strong>(v)<\/strong>\u00a0 \u00a0 \u00a0De demeurer des personnes actives dans la communaut\u00e9 et d\u2019avancer en \u00e2ge avec enthousiasme et <\/span><span style=\"color: #000000; font-size: large;\">dignit\u00e9.<\/span><\/p>\n<p><span style=\"font-size: large; color: #000000;\">\u00a0<\/span><\/p>\n<\/div>\n<\/div>\n<\/div>\n<\/div>\n<\/div>\n<\/div>\n<div class=\"vc_row wpb_row vc_row-fluid\">\n<div class=\"wpb_column vc_column_container vc_col-sm-12\">\n<div class=\"vc_column-inner\">\n<div class=\"wpb_wrapper\">\n<div class=\"wpb_text_column wpb_content_element \">\n<div class=\"wpb_wrapper\">\n<h3><span style=\"font-size: xx-large;\"><strong><span style=\"color: #000000;\">Nos activit\u00e9s<\/span><\/strong><\/span><\/h3>\n<p><span style=\"font-size: xx-large;\"><strong><span style=\"color: #000000;\"><\/span><\/strong><\/span><\/p>\n<p><span style=\"font-size: xx-large;\"><strong><span style=\"color: #000000;\"><\/span><\/strong><\/span><\/p>\n<\/div>\n<\/div>\n<div class=\"wpb_text_column wpb_content_element \">\n<div class=\"wpb_wrapper\">\n<p><span style=\"color: #000000; font-size: large;\">Nous nous adressons d\u2019abord aux personnes retrait\u00e9es, mais nous proposons nos activit\u00e9s \u00e0<\/span> <span style=\"color: #000000; font-size: large;\">toute personne adulte int\u00e9ress\u00e9e et disposant de temps libre, afin d\u2019\u00e9viter la s\u00e9gr\u00e9gation des<\/span> <span style=\"color: #000000; font-size: large;\">\u00e2ges. Nos activit\u00e9s comprennent <strong>des conf\u00e9rences<\/strong> d\u2019un vaste \u00e9ventail culturel et social<\/span> <span style=\"color: #000000; font-size: large;\">(litt\u00e9rature, histoire, politique, sciences, psychologie, arts, g\u00e9ographie, g\u00e9rontologie, etc.) ainsi que <strong>des<\/strong><\/span> <span style=\"color: #000000; font-size: large;\"><strong>ateliers et des cours<\/strong> en diverses disciplines (litt\u00e9rature, \u00e9criture, cin\u00e9ma, arts, histoire, musique,<\/span><span style=\"font-size: large;\"> <\/span><span style=\"color: #000000; font-size: large;\">philosophie, informatique, etc.). Quand c&rsquo;est possible, nous offrons ces <strong>activit\u00e9s sous forme bimodale,<\/strong> c&rsquo;est-\u00e0-dire \u00e0 la fois <em>en pr\u00e9sence<\/em> dans les locaux du coll\u00e8ge Br\u00e9beuf et <em>\u00e0 distance<\/em> par visioconf\u00e9rence. En pr\u00e9sence, car rien ne peut remplacer ce qui est si b\u00e9n\u00e9fique quand on vieillit : la rencontre physique et concr\u00e8te de personnes qui se joignent \u00e0 un groupe dans un lieu d\u00e9di\u00e9; par visioconf\u00e9rence, car la rencontre virtuelle permet aux personnes vivant loin du coll\u00e8ge ou limit\u00e9es dans leur mobilit\u00e9 de se joindre au groupe et de participer \u00e0 <\/span><span style=\"color: #000000; font-size: large; caret-color: #000000;\">certaines<\/span><span style=\"color: #000000; font-size: large;\"> activit\u00e9s. Nos activit\u00e9s <\/span><span style=\"font-size: large;\"><span style=\"color: #000000;\">comprennent<\/span><\/span><span style=\"color: #000000; font-size: large;\"> aussi <strong>des visites culturelles<\/strong> : des visites comment\u00e9es d\u2019expositions et de mus\u00e9es ainsi que des excursions centr\u00e9es sur<\/span> <span style=\"color: #000000; font-size: large;\">l\u2019histoire, l\u2019architecture, le paysage, le tissu social et les arts du Qu\u00e9bec.<\/span><span style=\"color: #000000; font-size: large;\">\u00a0<\/span><\/p>\n<\/div>\n<\/div>\n<\/div>\n<\/div>\n<\/div>\n<\/div>\n<p>[\/et_pb_text][\/et_pb_column][\/et_pb_row][et_pb_row column_structure=\u00a0\u00bb1_3,1_3,1_3&Prime; _builder_version=\u00a0\u00bb4.24.2&Prime; _module_preset=\u00a0\u00bbdefault\u00a0\u00bb global_colors_info=\u00a0\u00bb{}\u00a0\u00bb][et_pb_column type=\u00a0\u00bb1_3&Prime; _builder_version=\u00a0\u00bb4.24.2&Prime; _module_preset=\u00a0\u00bbdefault\u00a0\u00bb global_colors_info=\u00a0\u00bb{}\u00a0\u00bb][et_pb_text _builder_version=\u00a0\u00bb4.24.3&Prime; _module_preset=\u00a0\u00bbdefault\u00a0\u00bb global_colors_info=\u00a0\u00bb{}\u00a0\u00bb]<\/p>\n<h1><strong>Notre \u00e9quipe :<\/strong><\/h1>\n<p>[\/et_pb_text][et_pb_text _builder_version=\u00a0\u00bb4.25.0&Prime; _module_preset=\u00a0\u00bbdefault\u00a0\u00bb border_color_all=\u00a0\u00bbRGBA(255,255,255,0)\u00a0\u00bb global_colors_info=\u00a0\u00bb{}\u00a0\u00bb]<\/p>\n<div class=\"wpb_text_column wpb_content_element \">\n<div class=\"wpb_wrapper\">\n<h3><strong><span style=\"font-size: large;\">Conseil d\u2019Administration<\/span><\/strong><\/h3>\n<h3><strong style=\"font-size: 14px; color: #666666;\"><span style=\"font-size: large; color: #000000;\"><\/span><\/strong><\/h3>\n<h3><strong style=\"font-size: 14px; color: #666666;\"><span style=\"font-size: large; color: #000000;\">Pr\u00e9sidente :<\/span><\/strong><\/h3>\n<\/div>\n<\/div>\n<div class=\"wpb_text_column wpb_content_element \">\n<div class=\"wpb_wrapper\">\n<p><span style=\"font-size: large; color: #000000;\">Louise G\u00e9rin Duffy<\/span><\/p>\n<p><strong><span style=\"font-size: large; color: #000000;\">Vice-pr\u00e9sident :<\/span><\/strong><\/p>\n<p><span style=\"font-size: large; color: #000000;\">Jean St-Amant<\/span><\/p>\n<p><strong><span style=\"font-size: large; color: #000000;\">Secr\u00e9taire :<\/span><\/strong><\/p>\n<p><span style=\"font-size: large; color: #000000;\">Elaine Vadeboncoeur<\/span><\/p>\n<p><strong><span style=\"font-size: large; color: #000000;\">Tr\u00e9sorier :<\/span><\/strong><\/p>\n<p><span style=\"font-size: large; color: #000000;\">Fernand Desautels<\/span><br \/><span style=\"font-size: large; color: #000000;\"><\/span><\/p>\n<p><span style=\"font-size: large; color: #000000;\"><\/span><\/p>\n<p><strong><span style=\"font-size: large; color: #000000;\">Administratrices :<\/span><\/strong><\/p>\n<p><span style=\"font-size: large; color: #000000;\">Francine Gagnon<\/span><\/p>\n<p><span style=\"font-size: large; color: #000000;\">Chantal Robinson<\/span><\/p>\n<p><span style=\"font-size: large; color: #000000;\">Catherine Simard<\/span><\/p>\n<blockquote><\/blockquote>\n<\/div>\n<\/div>\n<p>[\/et_pb_text][\/et_pb_column][et_pb_column type=\u00a0\u00bb1_3&Prime; _builder_version=\u00a0\u00bb4.24.2&Prime; _module_preset=\u00a0\u00bbdefault\u00a0\u00bb global_colors_info=\u00a0\u00bb{}\u00a0\u00bb][et_pb_text _builder_version=\u00a0\u00bb4.24.3&Prime; _module_preset=\u00a0\u00bbdefault\u00a0\u00bb custom_margin=\u00a0\u00bb64px||||false|false\u00a0\u00bb global_colors_info=\u00a0\u00bb{}\u00a0\u00bb]<\/p>\n<div class=\"wpb_text_column wpb_content_element \">\n<div class=\"wpb_wrapper\">\n<h2><strong><span style=\"font-size: large;\">Comit\u00e9 de programme<\/span><\/strong><\/h2>\n<\/div>\n<\/div>\n<div class=\"vc_separator wpb_content_element vc_separator_align_center vc_sep_width_100 vc_sep_pos_align_center vc_separator_no_text vc_sep_color_grey\"><strong><span class=\"vc_sep_holder vc_sep_holder_l\" style=\"font-size: large;\"><span class=\"vc_sep_line\"><\/span><\/span><\/strong><\/div>\n<div class=\"wpb_text_column wpb_content_element \">\n<div class=\"wpb_wrapper\">\n<p><span style=\"font-size: large; color: #000000;\">Louise G\u00e9rin Duffy<\/span><span style=\"font-size: large; color: #000000;\"><\/span><\/p>\n<p><span style=\"font-size: large; color: #000000;\">Jean-Claude Dufresne<\/span><\/p>\n<p><span style=\"color: #000000;\">Francine Gagnon<\/span><\/p>\n<p><span style=\"font-size: large; color: #000000;\">Chantal Robinson <\/span><\/p>\n<p><span style=\"font-size: large; color: #000000;\">Catherine Simard<\/span><span style=\"font-size: large; color: #000000;\"><\/span><span style=\"font-size: large; color: #000000;\"><\/span><\/p>\n<p><span style=\"font-size: large; color: #000000;\">Jean St-Amant<\/span><\/p>\n<p><span style=\"font-size: large; color: #000000;\">Elaine Vadeboncoeur<\/span><\/p>\n<\/div>\n<\/div>\n<p>[\/et_pb_text][\/et_pb_column][et_pb_column type=\u00a0\u00bb1_3&Prime; _builder_version=\u00a0\u00bb4.24.2&Prime; _module_preset=\u00a0\u00bbdefault\u00a0\u00bb global_colors_info=\u00a0\u00bb{}\u00a0\u00bb][et_pb_text _builder_version=\u00a0\u00bb4.25.0&Prime; _module_preset=\u00a0\u00bbdefault\u00a0\u00bb custom_margin=\u00a0\u00bb64px||||false|false\u00a0\u00bb hover_enabled=\u00a0\u00bb0&Prime; global_colors_info=\u00a0\u00bb{}\u00a0\u00bb sticky_enabled=\u00a0\u00bb0&Prime;]<\/p>\n<div class=\"wpb_text_column wpb_content_element \">\n<div class=\"wpb_wrapper\">\n<h3><strong><span style=\"font-size: large;\">Accueil<\/span><\/strong><\/h3>\n<\/div>\n<\/div>\n<div class=\"vc_separator wpb_content_element vc_separator_align_center vc_sep_width_100 vc_sep_pos_align_center vc_separator_no_text vc_sep_color_grey\"><span class=\"vc_sep_holder vc_sep_holder_l\" style=\"font-size: large;\"><span class=\"vc_sep_line\"><\/span><\/span><\/div>\n<div class=\"vc_separator wpb_content_element vc_separator_align_center vc_sep_width_100 vc_sep_pos_align_center vc_separator_no_text vc_sep_color_grey\"><span class=\"vc_sep_holder vc_sep_holder_l\" style=\"font-size: large;\"><span class=\"vc_sep_line\"><\/span><\/span><\/div>\n<div class=\"wpb_text_column wpb_content_element \">\n<div class=\"wpb_wrapper\">\n<p><span style=\"font-size: large;\">Chantal Robinson (responsable en pr\u00e9sence)<\/span><\/p>\n<p><span style=\"font-size: large;\">Fernand Desautel<\/p>\n<p><\/span><\/p>\n<\/div>\n<div class=\"wpb_wrapper\">\n<p><span style=\"font-size: large;\">Francine Leclerc<\/span><\/p>\n<p>Ren\u00e9 Lortie<\/p>\n<p><span style=\"font-size: large;\">Line Migneault<\/span><\/p>\n<p><span style=\"font-size: large;\">Marie-Claire Tremblay<\/span><\/p>\n<p><span style=\"font-size: large;\">Michel Pronovost<\/span><\/p>\n<\/div>\n<\/div>\n<p>[\/et_pb_text][\/et_pb_column][\/et_pb_row][et_pb_row _builder_version=\u00a0\u00bb4.24.2&Prime; _module_preset=\u00a0\u00bbdefault\u00a0\u00bb global_colors_info=\u00a0\u00bb{}\u00a0\u00bb][et_pb_column type=\u00a0\u00bb4_4&Prime; _builder_version=\u00a0\u00bb4.24.2&Prime; _module_preset=\u00a0\u00bbdefault\u00a0\u00bb global_colors_info=\u00a0\u00bb{}\u00a0\u00bb][\/et_pb_column][\/et_pb_row][\/et_pb_section][et_pb_section fb_built=\u00a0\u00bb1&Prime; _builder_version=\u00a0\u00bb4.24.2&Prime; _module_preset=\u00a0\u00bbdefault\u00a0\u00bb custom_margin=\u00a0\u00bb-113px|||||\u00a0\u00bb locked=\u00a0\u00bboff\u00a0\u00bb global_colors_info=\u00a0\u00bb{}\u00a0\u00bb][et_pb_row column_structure=\u00a0\u00bb1_2,1_2&Prime; _builder_version=\u00a0\u00bb4.24.2&Prime; _module_preset=\u00a0\u00bbdefault\u00a0\u00bb custom_padding=\u00a0\u00bb2px|||||\u00a0\u00bb global_colors_info=\u00a0\u00bb{}\u00a0\u00bb][et_pb_column type=\u00a0\u00bb1_2&Prime; _builder_version=\u00a0\u00bb4.24.2&Prime; _module_preset=\u00a0\u00bbdefault\u00a0\u00bb global_colors_info=\u00a0\u00bb{}\u00a0\u00bb][et_pb_text _builder_version=\u00a0\u00bb4.16&Prime; text_font=\u00a0\u00bb||||||||\u00a0\u00bb header_font=\u00a0\u00bb||||||||\u00a0\u00bb header_2_font=\u00a0\u00bbRubik|700|||||||\u00a0\u00bb header_2_font_size=\u00a0\u00bb42px\u00a0\u00bb header_2_line_height=\u00a0\u00bb1.2em\u00a0\u00bb custom_margin=\u00a0\u00bb|||\u00a0\u00bb custom_padding=\u00a0\u00bb|||\u00a0\u00bb header_2_font_size_tablet=\u00a0\u00bb\u00a0\u00bb header_2_font_size_phone=\u00a0\u00bb36px\u00a0\u00bb header_2_font_size_last_edited=\u00a0\u00bbon|phone\u00a0\u00bb locked=\u00a0\u00bboff\u00a0\u00bb global_colors_info=\u00a0\u00bb{}\u00a0\u00bb]<\/p>\n<h2><span style=\"font-size: xx-large;\">Nous contacter<\/span><\/h2>\n<p>[\/et_pb_text][et_pb_divider color=\u00a0\u00bb#b72717&Prime; divider_position=\u00a0\u00bbcenter\u00a0\u00bb divider_weight=\u00a0\u00bb5px\u00a0\u00bb _builder_version=\u00a0\u00bb4.24.2&Prime; max_width=\u00a0\u00bb50px\u00a0\u00bb locked=\u00a0\u00bboff\u00a0\u00bb global_colors_info=\u00a0\u00bb{}\u00a0\u00bb][\/et_pb_divider][\/et_pb_column][et_pb_column type=\u00a0\u00bb1_2&Prime; _builder_version=\u00a0\u00bb4.24.2&Prime; _module_preset=\u00a0\u00bbdefault\u00a0\u00bb global_colors_info=\u00a0\u00bb{}\u00a0\u00bb][et_pb_blurb title=\u00a0\u00bb5625, avenue Decelles  Montr\u00e9al Qc H3T 1W4&Prime; url=\u00a0\u00bbhttps:\/\/maps.app.goo.gl\/zPAzYMPkrYYhsMhi9&Prime; url_new_window=\u00a0\u00bbon\u00a0\u00bb use_icon=\u00a0\u00bbon\u00a0\u00bb font_icon=\u00a0\u00bb&#xe081;||divi||400&Prime; icon_color=\u00a0\u00bb#666666&Prime; icon_placement=\u00a0\u00bbleft\u00a0\u00bb image_icon_width=\u00a0\u00bb18px\u00a0\u00bb content_max_width=\u00a0\u00bb1100px\u00a0\u00bb _builder_version=\u00a0\u00bb4.24.2&Prime; header_font=\u00a0\u00bbRubik||||||||\u00a0\u00bb header_font_size=\u00a0\u00bb16px\u00a0\u00bb header_line_height=\u00a0\u00bb1.2em\u00a0\u00bb body_font=\u00a0\u00bb||||||||\u00a0\u00bb module_alignment=\u00a0\u00bbcenter\u00a0\u00bb custom_margin=\u00a0\u00bb||20px|\u00a0\u00bb animation=\u00a0\u00bboff\u00a0\u00bb link_option_url_new_window=\u00a0\u00bbon\u00a0\u00bb icon_font_size=\u00a0\u00bb18px\u00a0\u00bb locked=\u00a0\u00bboff\u00a0\u00bb global_colors_info=\u00a0\u00bb{}\u00a0\u00bb][\/et_pb_blurb][et_pb_blurb title=\u00a0\u00bb 514-342-9342, poste 5412&Prime; use_icon=\u00a0\u00bbon\u00a0\u00bb font_icon=\u00a0\u00bb&#xe090;||divi||400&Prime; icon_color=\u00a0\u00bb#666666&Prime; icon_placement=\u00a0\u00bbleft\u00a0\u00bb image_icon_width=\u00a0\u00bb18px\u00a0\u00bb content_max_width=\u00a0\u00bb1100px\u00a0\u00bb _builder_version=\u00a0\u00bb4.24.2&Prime; header_font=\u00a0\u00bbRubik||||||||\u00a0\u00bb header_font_size=\u00a0\u00bb16px\u00a0\u00bb header_line_height=\u00a0\u00bb1.2em\u00a0\u00bb body_font=\u00a0\u00bb||||||||\u00a0\u00bb module_alignment=\u00a0\u00bbcenter\u00a0\u00bb custom_margin=\u00a0\u00bb||20px|\u00a0\u00bb animation=\u00a0\u00bboff\u00a0\u00bb icon_font_size=\u00a0\u00bb18px\u00a0\u00bb locked=\u00a0\u00bboff\u00a0\u00bb global_colors_info=\u00a0\u00bb{}\u00a0\u00bb][\/et_pb_blurb][et_pb_blurb title=\u00a0\u00bbfculturelle@brebeuf.qc.ca\u00a0\u00bb url=\u00a0\u00bbmailto:fculturelle@brebeuf.qc.ca\u00a0\u00bb use_icon=\u00a0\u00bbon\u00a0\u00bb font_icon=\u00a0\u00bb&#xe076;||divi||400&Prime; icon_color=\u00a0\u00bb#666666&Prime; icon_placement=\u00a0\u00bbleft\u00a0\u00bb image_icon_width=\u00a0\u00bb18px\u00a0\u00bb content_max_width=\u00a0\u00bb1100px\u00a0\u00bb _builder_version=\u00a0\u00bb4.24.2&Prime; header_font=\u00a0\u00bbRubik||||||||\u00a0\u00bb header_font_size=\u00a0\u00bb16px\u00a0\u00bb header_line_height=\u00a0\u00bb1.2em\u00a0\u00bb body_font=\u00a0\u00bb||||||||\u00a0\u00bb module_alignment=\u00a0\u00bbcenter\u00a0\u00bb custom_margin=\u00a0\u00bb||20px|\u00a0\u00bb animation=\u00a0\u00bboff\u00a0\u00bb icon_font_size=\u00a0\u00bb18px\u00a0\u00bb locked=\u00a0\u00bboff\u00a0\u00bb global_colors_info=\u00a0\u00bb{}\u00a0\u00bb][\/et_pb_blurb][et_pb_blurb title=\u00a0\u00bbPage Facebook\u00a0\u00bb url=\u00a0\u00bbhttps:\/\/www.facebook.com\/fondationculturellebrebeuf\/\u00a0\u00bb url_new_window=\u00a0\u00bbon\u00a0\u00bb use_icon=\u00a0\u00bbon\u00a0\u00bb font_icon=\u00a0\u00bb&#xe0aa;||divi||400&Prime; icon_color=\u00a0\u00bb#666666&Prime; icon_placement=\u00a0\u00bbleft\u00a0\u00bb image_icon_width=\u00a0\u00bb18px\u00a0\u00bb content_max_width=\u00a0\u00bb1100px\u00a0\u00bb _builder_version=\u00a0\u00bb4.24.2&Prime; header_font=\u00a0\u00bbRubik||||||||\u00a0\u00bb header_font_size=\u00a0\u00bb16px\u00a0\u00bb header_line_height=\u00a0\u00bb1.2em\u00a0\u00bb body_font=\u00a0\u00bb||||||||\u00a0\u00bb module_alignment=\u00a0\u00bbcenter\u00a0\u00bb custom_margin=\u00a0\u00bb||20px|\u00a0\u00bb animation=\u00a0\u00bboff\u00a0\u00bb icon_font_size=\u00a0\u00bb18px\u00a0\u00bb locked=\u00a0\u00bboff\u00a0\u00bb global_colors_info=\u00a0\u00bb{}\u00a0\u00bb][\/et_pb_blurb][\/et_pb_column][\/et_pb_row][\/et_pb_section][et_pb_section fb_built=\u00a0\u00bb1&Prime; _builder_version=\u00a0\u00bb4.24.2&Prime; _module_preset=\u00a0\u00bbdefault\u00a0\u00bb global_colors_info=\u00a0\u00bb{}\u00a0\u00bb][et_pb_row column_structure=\u00a0\u00bb3_5,2_5&Prime; _builder_version=\u00a0\u00bb4.25.2&Prime; _module_preset=\u00a0\u00bbdefault\u00a0\u00bb custom_padding=\u00a0\u00bb||96px|||\u00a0\u00bb global_colors_info=\u00a0\u00bb{}\u00a0\u00bb][et_pb_column type=\u00a0\u00bb3_5&Prime; _builder_version=\u00a0\u00bb4.25.0&Prime; _module_preset=\u00a0\u00bbdefault\u00a0\u00bb global_colors_info=\u00a0\u00bb{}\u00a0\u00bb][et_pb_text _builder_version=\u00a0\u00bb4.16&Prime; text_font=\u00a0\u00bb||||||||\u00a0\u00bb header_font=\u00a0\u00bb||||||||\u00a0\u00bb header_2_font=\u00a0\u00bbRubik|700|||||||\u00a0\u00bb header_2_font_size=\u00a0\u00bb42px\u00a0\u00bb header_2_line_height=\u00a0\u00bb1.2em\u00a0\u00bb custom_margin=\u00a0\u00bb|||\u00a0\u00bb custom_padding=\u00a0\u00bb|||\u00a0\u00bb header_2_font_size_tablet=\u00a0\u00bb\u00a0\u00bb header_2_font_size_phone=\u00a0\u00bb36px\u00a0\u00bb header_2_font_size_last_edited=\u00a0\u00bbon|phone\u00a0\u00bb locked=\u00a0\u00bboff\u00a0\u00bb global_colors_info=\u00a0\u00bb{}\u00a0\u00bb]<\/p>\n<h2><strong><span style=\"font-size: xx-large;\">Notre histoire<\/span><\/strong><\/h2>\n<p>[\/et_pb_text][dipi_timeline card_arrow_color=\u00a0\u00bb#FFFFFF\u00a0\u00bb _builder_version=\u00a0\u00bb4.25.1&Prime; _module_preset=\u00a0\u00bb_initial\u00a0\u00bb custom_margin=\u00a0\u00bb|-56px|||false|false\u00a0\u00bb global_colors_info=\u00a0\u00bb{}\u00a0\u00bb][dipi_timeline_item title=\u00a0\u00bbAutomne 1976&Prime; timeline_icon=\u00a0\u00bb&#x43;||divi||400&Prime; ribbon_use_circle=\u00a0\u00bboff\u00a0\u00bb use_icon=\u00a0\u00bbon\u00a0\u00bb icon_color=\u00a0\u00bb#000000&Prime; _builder_version=\u00a0\u00bb4.25.2&Prime; _module_preset=\u00a0\u00bb_initial\u00a0\u00bb header_text_color=\u00a0\u00bb#000000&Prime; body_text_color=\u00a0\u00bb#000000&Prime; background_color=\u00a0\u00bbrgba(255,201,183,0.39)\u00a0\u00bb background_enable_color=\u00a0\u00bbon\u00a0\u00bb global_colors_info=\u00a0\u00bb{}\u00a0\u00bb]<\/p>\n<p>Madeleine Pr\u00e9claire, alors professeure de philosophie au coll\u00e8ge, pr\u00e9sente au Directeur g\u00e9n\u00e9ral un projet en vue de cr\u00e9er un centre \u00e0 vocation culturelle et \u00e9ducative.<\/p>\n<p>[\/dipi_timeline_item][dipi_timeline_item title=\u00a0\u00bbAutomne 1977&Prime; timeline_icon=\u00a0\u00bb&#x43;||divi||400&Prime; ribbon_use_circle=\u00a0\u00bboff\u00a0\u00bb use_icon=\u00a0\u00bbon\u00a0\u00bb icon_color=\u00a0\u00bb#000000&Prime; _builder_version=\u00a0\u00bb4.25.2&Prime; _module_preset=\u00a0\u00bb_initial\u00a0\u00bb header_text_color=\u00a0\u00bb#000000&Prime; body_text_color=\u00a0\u00bb#000000&Prime; background_color=\u00a0\u00bbrgba(255,201,183,0.39)\u00a0\u00bb background_enable_color=\u00a0\u00bbon\u00a0\u00bb global_colors_info=\u00a0\u00bb{}\u00a0\u00bb]<\/p>\n<p>Une session-pilote concluante marque le d\u00e9but des activit\u00e9s de l\u2019association, alors nomm\u00e9e<br \/>\u00ab Troisi\u00e8me \u00c2ge Culture \u00bb.<\/p>\n<p>[\/dipi_timeline_item][dipi_timeline_item title=\u00a0\u00bb10 septembre 1979&Prime; timeline_icon=\u00a0\u00bb&#x43;||divi||400&Prime; ribbon_use_circle=\u00a0\u00bboff\u00a0\u00bb use_icon=\u00a0\u00bbon\u00a0\u00bb icon_color=\u00a0\u00bb#000000&Prime; _builder_version=\u00a0\u00bb4.25.2&Prime; _module_preset=\u00a0\u00bb_initial\u00a0\u00bb header_text_color=\u00a0\u00bb#000000&Prime; body_text_color=\u00a0\u00bb#000000&Prime; background_color=\u00a0\u00bbrgba(255,201,183,0.39)\u00a0\u00bb background_enable_color=\u00a0\u00bbon\u00a0\u00bb global_colors_info=\u00a0\u00bb{}\u00a0\u00bb]<\/p>\n<p>L&rsquo;association est constitu\u00e9e en corporation sous le nom actuel, \u00ab Fondation culturelle du troisi\u00e8me \u00e2ge Jean-de-Br\u00e9beuf \u00bb, et est enregistr\u00e9e comme organisme \u00e0 vocation caritative. Madame Pr\u00e9claire en est la Directrice g\u00e9n\u00e9rale. Les activit\u00e9s sont principalement anim\u00e9es par des professeurs du coll\u00e8ge, mais aussi par des sp\u00e9cialistes des universit\u00e9s et de diff\u00e9rents organismes. Le coll\u00e8ge offre les locaux pour la tenue des activit\u00e9s et le bureau de l\u2019association. Durant les premi\u00e8res ann\u00e9es, le financement provient surtout de dons et subventions.<\/p>\n<p>[\/dipi_timeline_item][dipi_timeline_item title=\u00a0\u00bb24 mars au 8 mai 1987 \u00a0\u00bb timeline_icon=\u00a0\u00bb&#x43;||divi||400&Prime; ribbon_use_circle=\u00a0\u00bboff\u00a0\u00bb use_icon=\u00a0\u00bbon\u00a0\u00bb icon_color=\u00a0\u00bb#000000&Prime; _builder_version=\u00a0\u00bb4.27.0&Prime; _module_preset=\u00a0\u00bb_initial\u00a0\u00bb header_text_color=\u00a0\u00bb#000000&Prime; body_text_color=\u00a0\u00bb#000000&Prime; background_color=\u00a0\u00bbrgba(153,255,246,0.46)\u00a0\u00bb background_enable_color=\u00a0\u00bbon\u00a0\u00bb global_colors_info=\u00a0\u00bb{}\u00a0\u00bb]<\/p>\n<p>C\u00e9l\u00e9brations du 10i\u00e8me anniversaire : un Festival inter-\u00e2ge est organis\u00e9, incluant une conf\u00e9rence de Jacques Dufresne, un r\u00e9cital de po\u00e9sie par Monique Brunet sur composition \u00e9lectro-acoustique de Fran\u00e7ois Gu\u00e9rin, un mini-colloque anim\u00e9 par Madeleine Poulin, auquel participent Madeleine Ferron, \u00c9mile Robichaud et Fran\u00e7ois Godin, une exposition de peinture (\u0153uvres des \u00e9l\u00e8ves de Louise Fauteux), un concert Chopin interpr\u00e9t\u00e9 par Claude Webster et un banquet. [<a href=\"https:\/\/www.fondationculturellebrebeuf.org\/wp-content\/uploads\/2024\/06\/Programme-10ieme-anniversaire.pdf\"><span style=\"color: #ff0000;\">Voir \u00a0le programme<\/span><\/a>]<\/p>\n<p>Le 6 juin 1987, La Presse publie, avec la collaboration de Madeleine Pr\u00e9claire, un article de Hubert de Ravinel intitul\u00e9 \u00ab\u00a0La Fondation culturelle Jean-de-Br\u00e9beuf : un hommage \u00e0 l&rsquo;intelligence des a\u00een\u00e9s\u00a0\u00bb. Cet article relate la vision ayant men\u00e9 \u00e0 la cr\u00e9ation de la Fondation culturelle et d\u00e9crivant sa mission et ses activit\u00e9s telles qu&rsquo;exprim\u00e9es par Madame Pr\u00e9claire. [<a href=\"https:\/\/www.fondationculturellebrebeuf.org\/wp-content\/uploads\/2024\/06\/Article-La-Presse-Juin-1987-La-Fondation-culturelle-un-hommage-a-lintelligence-des-aines.pdf\"><span style=\"color: #ff0000;\">Voir l&rsquo;article<\/span><\/a>]<\/p>\n<p>[\/dipi_timeline_item][dipi_timeline_item title=\u00a0\u00bb20 mai 1992 \u00a0\u00bb timeline_icon=\u00a0\u00bb&#x43;||divi||400&Prime; ribbon_use_circle=\u00a0\u00bboff\u00a0\u00bb use_icon=\u00a0\u00bbon\u00a0\u00bb icon_color=\u00a0\u00bb#000000&Prime; _builder_version=\u00a0\u00bb4.25.2&Prime; _module_preset=\u00a0\u00bb_initial\u00a0\u00bb header_text_color=\u00a0\u00bb#000000&Prime; body_text_color=\u00a0\u00bb#000000&Prime; background_color=\u00a0\u00bbRGBA(153,255,246,0.46)\u00a0\u00bb background_enable_color=\u00a0\u00bbon\u00a0\u00bb global_colors_info=\u00a0\u00bb{}\u00a0\u00bb]<\/p>\n<p>C\u00e9l\u00e9brations du 15i\u00e8me anniversaire au coll\u00e8ge : on y pr\u00e9sente la pi\u00e8ce <em>Un Caprice<\/em> d\u2019Alfred de Musset, interpr\u00e9t\u00e9e par Line Lamarche, Luc Gingras, et Marie Codebecq, mise en sc\u00e8ne par Catherine B\u00e9gin, laquelle est suivie d\u2019un go\u00fbter-rencontre. [<a href=\"https:\/\/www.fondationculturellebrebeuf.org\/wp-content\/uploads\/2024\/06\/Programme-15ieme-anniversaire.pdf\"><span style=\"color: #ff0000;\">Voir le programme<\/span><\/a>]<\/p>\n<p>[\/dipi_timeline_item][dipi_timeline_item title=\u00a0\u00bbMai 1997- Banquet du 20i\u00e8me anniversaire\u00a0\u00bb timeline_icon=\u00a0\u00bb&#x43;||divi||400&Prime; ribbon_use_circle=\u00a0\u00bboff\u00a0\u00bb use_icon=\u00a0\u00bbon\u00a0\u00bb icon_color=\u00a0\u00bb#000000&Prime; _builder_version=\u00a0\u00bb4.25.2&Prime; _module_preset=\u00a0\u00bb_initial\u00a0\u00bb header_text_color=\u00a0\u00bb#000000&Prime; background_color=\u00a0\u00bbrgba(153,255,246,0.46)\u00a0\u00bb background_enable_color=\u00a0\u00bbon\u00a0\u00bb global_colors_info=\u00a0\u00bb{}\u00a0\u00bb][\/dipi_timeline_item][dipi_timeline_item title=\u00a0\u00bb24 septembre 2001 \u00a0\u00bb timeline_icon=\u00a0\u00bb&#x43;||divi||400&Prime; ribbon_use_circle=\u00a0\u00bboff\u00a0\u00bb use_icon=\u00a0\u00bbon\u00a0\u00bb icon_color=\u00a0\u00bb#000000&Prime; _builder_version=\u00a0\u00bb4.25.2&Prime; _module_preset=\u00a0\u00bb_initial\u00a0\u00bb header_text_color=\u00a0\u00bb#000000&Prime; body_text_color=\u00a0\u00bb#000000&Prime; background_color=\u00a0\u00bbrgba(153,255,246,0.46)\u00a0\u00bb background_enable_color=\u00a0\u00bbon\u00a0\u00bb global_colors_info=\u00a0\u00bb{}\u00a0\u00bb]<\/p>\n<p>C\u00e9l\u00e9brations du 25i\u00e8me anniversaire \u00e0 l\u2019H\u00f4tel Wyndham du Complexe Desjardins : lors de ce d\u00eener-causerie, Madeleine Pr\u00e9claire confie la pr\u00e9sidence de l\u2019association qu\u2019elle dirige depuis 24 ans \u00e0 Andr\u00e9e Paradis, professeure de fran\u00e7ais \u00e0 Br\u00e9beuf. Madame Pr\u00e9claire, dans une \u00e9mouvante allocution, \u00e9voque ceux qui l\u2019ont entour\u00e9e dans cette universit\u00e9 du troisi\u00e8me \u00e2ge dont elle a cr\u00e9\u00e9 le premier maillon au Qu\u00e9bec. [<a href=\"https:\/\/www.fondationculturellebrebeuf.org\/wp-content\/uploads\/2024\/06\/Programme-25ieme-anniversaire.pdf\"><span style=\"color: #ff0000;\">Voir le programme<\/span><\/a>]<\/p>\n<p>[\/dipi_timeline_item][dipi_timeline_item title=\u00a0\u00bb16 septembre 2002 \u00a0\u00bb timeline_icon=\u00a0\u00bb&#x43;||divi||400&Prime; ribbon_use_circle=\u00a0\u00bboff\u00a0\u00bb use_icon=\u00a0\u00bbon\u00a0\u00bb icon_color=\u00a0\u00bb#000000&Prime; _builder_version=\u00a0\u00bb4.25.2&Prime; _module_preset=\u00a0\u00bb_initial\u00a0\u00bb header_text_color=\u00a0\u00bb#000000&Prime; body_text_color=\u00a0\u00bb#000000&Prime; background_color=\u00a0\u00bbrgba(153,255,246,0.46)\u00a0\u00bb background_enable_color=\u00a0\u00bbon\u00a0\u00bb global_colors_info=\u00a0\u00bb{}\u00a0\u00bb]<\/p>\n<p>Les membres de la Fondation culturelle rendent hommage \u00e0 Madeleine Pr\u00e9claire, nomm\u00e9e pr\u00e9sidente honoraire par le c.a. le 11 d\u00e9cembre 2001.<\/p>\n<p>[\/dipi_timeline_item][dipi_timeline_item title=\u00a0\u00bb16 juin 2005 \u00a0\u00bb timeline_icon=\u00a0\u00bb&#x43;||divi||400&Prime; ribbon_use_circle=\u00a0\u00bboff\u00a0\u00bb use_icon=\u00a0\u00bbon\u00a0\u00bb icon_color=\u00a0\u00bb#000000&Prime; _builder_version=\u00a0\u00bb4.25.2&Prime; _module_preset=\u00a0\u00bb_initial\u00a0\u00bb header_text_color=\u00a0\u00bb#000000&Prime; body_text_color=\u00a0\u00bb#000000&Prime; background_color=\u00a0\u00bbrgba(250,252,151,0.45)\u00a0\u00bb background_enable_color=\u00a0\u00bbon\u00a0\u00bb global_colors_info=\u00a0\u00bb{}\u00a0\u00bb]<\/p>\n<p>Louise G\u00e9rin Duffy, nouvellement retrait\u00e9e, remplace Andr\u00e9e Paradis \u00e0 la pr\u00e9sidence. Daniel Maccab\u00e9e, professeur de fran\u00e7ais \u00e0 la retraite, devient Tr\u00e9sorier en remplacement de Margot DeSerres, et Diane T\u00e9treault, professeure de fran\u00e7ais, devient Secr\u00e9taire. Daniel et Diane sont \u00e9lus administrateurs.<\/p>\n<p>[\/dipi_timeline_item][dipi_timeline_item title=\u00a0\u00bb13 d\u00e9cembre 2005 \u00a0\u00bb timeline_icon=\u00a0\u00bb&#x43;||divi||400&Prime; ribbon_use_circle=\u00a0\u00bboff\u00a0\u00bb use_icon=\u00a0\u00bbon\u00a0\u00bb icon_color=\u00a0\u00bb#000000&Prime; _builder_version=\u00a0\u00bb4.25.2&Prime; _module_preset=\u00a0\u00bb_initial\u00a0\u00bb header_text_color=\u00a0\u00bb#000000&Prime; body_text_color=\u00a0\u00bb#000000&Prime; background_color=\u00a0\u00bbrgba(255,252,151,0.45)\u00a0\u00bb background_enable_color=\u00a0\u00bbon\u00a0\u00bb global_colors_info=\u00a0\u00bb{}\u00a0\u00bb]<\/p>\n<p>Monique Ducharme se joint au c.a.<\/p>\n<p>[\/dipi_timeline_item][dipi_timeline_item title=\u00a0\u00bb14 mai 2007 \u00a0\u00bb timeline_icon=\u00a0\u00bb&#x43;||divi||400&Prime; ribbon_use_circle=\u00a0\u00bboff\u00a0\u00bb use_icon=\u00a0\u00bbon\u00a0\u00bb icon_color=\u00a0\u00bb#000000&Prime; _builder_version=\u00a0\u00bb4.25.2&Prime; _module_preset=\u00a0\u00bb_initial\u00a0\u00bb header_text_color=\u00a0\u00bb#000000&Prime; body_text_color=\u00a0\u00bb#000000&Prime; background_color=\u00a0\u00bbrgba(153,255,246,0.46)\u00a0\u00bb background_enable_color=\u00a0\u00bbon\u00a0\u00bb global_colors_info=\u00a0\u00bb{}\u00a0\u00bb]<\/p>\n<p>C\u00e9l\u00e9brations du 30i\u00e8me anniversaire \u00e0 l\u2019ancienne chapelle du coll\u00e8ge : Michel Tolosa est le pr\u00e9sident d\u2019honneur de l\u2019\u00e9v\u00e9nement, qui inclut notamment une allocution de Nathalie Bondil, alors directrice du Mus\u00e9e des beaux-arts de Montr\u00e9al, le lancement du recueil de l\u2019atelier d\u2019\u00e9criture, un hommage \u00e0 Andr\u00e9e Paradis, animatrice de cet atelier jusqu\u2019en 2016, une allocution de Madeleine Pr\u00e9claire, et un buffet. V\u00e9ronique Lamontagne, violoniste, et David Lamontagne, clarinettiste, repr\u00e9sentent l\u2019Orchestre symphonique des jeunes de Montr\u00e9al en interpr\u00e9tant quelques pi\u00e8ces durant la soir\u00e9e. Leur orchestre f\u00eate alors aussi son 30i\u00e8me anniversaire. [<a href=\"https:\/\/www.fondationculturellebrebeuf.org\/wp-content\/uploads\/2024\/06\/Image-2024-06-24-a-13.47.jpeg\"><span style=\"color: #ff0000;\">Voir l&rsquo;invitation<\/span><\/a>]<\/p>\n<p>[\/dipi_timeline_item][dipi_timeline_item title=\u00a0\u00bb10 juin 2009 \u00a0\u00bb timeline_icon=\u00a0\u00bb&#x43;||divi||400&Prime; ribbon_use_circle=\u00a0\u00bboff\u00a0\u00bb use_icon=\u00a0\u00bbon\u00a0\u00bb icon_color=\u00a0\u00bb#000000&Prime; _builder_version=\u00a0\u00bb4.25.2&Prime; _module_preset=\u00a0\u00bb_initial\u00a0\u00bb header_text_color=\u00a0\u00bb#000000&Prime; body_text_color=\u00a0\u00bb#000000&Prime; background_color=\u00a0\u00bbrgba(250,252,151,0.45)\u00a0\u00bb background_enable_color=\u00a0\u00bbon\u00a0\u00bb global_colors_info=\u00a0\u00bb{}\u00a0\u00bb]<\/p>\n<p>Fernand Desautels, professeur de philosophie \u00e0 la retraite, devient administrateur et remplace Daniel Maccab\u00e9e \u00e0 la tr\u00e9sorerie; ce dernier continue toutefois \u00e0 seconder Fernand aux finances de l\u2019organisme. Margot DeSerres quitte le c.a.<\/p>\n<p>[\/dipi_timeline_item][dipi_timeline_item title=\u00a0\u00bb25 novembre 2011 \u00a0\u00bb timeline_icon=\u00a0\u00bb&#x43;||divi||400&Prime; ribbon_use_circle=\u00a0\u00bboff\u00a0\u00bb use_icon=\u00a0\u00bbon\u00a0\u00bb icon_color=\u00a0\u00bb#000000&Prime; _builder_version=\u00a0\u00bb4.25.2&Prime; _module_preset=\u00a0\u00bb_initial\u00a0\u00bb header_text_color=\u00a0\u00bb#000000&Prime; body_text_color=\u00a0\u00bb#000000&Prime; background_color=\u00a0\u00bbrgba(250,252,151,0.45)\u00a0\u00bb background_enable_color=\u00a0\u00bbon\u00a0\u00bb global_colors_info=\u00a0\u00bb{}\u00a0\u00bb]<\/p>\n<p>Jean-Marc B\u00e9langer, professeur de biologie au coll\u00e8ge, devient administrateur et Secr\u00e9taire de l\u2019association.<\/p>\n<p>[\/dipi_timeline_item][dipi_timeline_item title=\u00a0\u00bb1er Juillet 2013 \u00a0\u00bb timeline_icon=\u00a0\u00bb&#x43;||divi||400&Prime; ribbon_use_circle=\u00a0\u00bboff\u00a0\u00bb use_icon=\u00a0\u00bbon\u00a0\u00bb icon_color=\u00a0\u00bb#000000&Prime; _builder_version=\u00a0\u00bb4.25.2&Prime; _module_preset=\u00a0\u00bb_initial\u00a0\u00bb header_text_color=\u00a0\u00bb#000000&Prime; body_text_color=\u00a0\u00bb#000000&Prime; background_color=\u00a0\u00bbrgba(250,252,151,0.45)\u00a0\u00bb background_enable_color=\u00a0\u00bbon\u00a0\u00bb global_colors_info=\u00a0\u00bb{}\u00a0\u00bb]<\/p>\n<p>Christiane L\u00e9aud remplace Diane T\u00e9treault au c.a.<\/p>\n<p>[\/dipi_timeline_item][dipi_timeline_item title=\u00a0\u00bb10 juin 2015 \u00a0\u00bb timeline_icon=\u00a0\u00bb&#x43;||divi||400&Prime; ribbon_use_circle=\u00a0\u00bboff\u00a0\u00bb use_icon=\u00a0\u00bbon\u00a0\u00bb icon_color=\u00a0\u00bb#000000&Prime; _builder_version=\u00a0\u00bb4.25.2&Prime; _module_preset=\u00a0\u00bb_initial\u00a0\u00bb header_text_color=\u00a0\u00bb#000000&Prime; body_text_color=\u00a0\u00bb#000000&Prime; background_color=\u00a0\u00bbrgba(251,252,151,0.45)\u00a0\u00bb background_enable_color=\u00a0\u00bbon\u00a0\u00bb global_colors_info=\u00a0\u00bb{}\u00a0\u00bb]<\/p>\n<p>Chantal Robinson devient administratrice de l\u2019association.<\/p>\n<p>[\/dipi_timeline_item][dipi_timeline_item title=\u00a0\u00bb6 mars 2017 \u00a0\u00bb timeline_icon=\u00a0\u00bb&#x43;||divi||400&Prime; ribbon_use_circle=\u00a0\u00bboff\u00a0\u00bb use_icon=\u00a0\u00bbon\u00a0\u00bb icon_color=\u00a0\u00bb#000000&Prime; _builder_version=\u00a0\u00bb4.25.2&Prime; _module_preset=\u00a0\u00bb_initial\u00a0\u00bb header_text_color=\u00a0\u00bb#000000&Prime; body_text_color=\u00a0\u00bb#000000&Prime; background_color=\u00a0\u00bbrgba(153,255,246,0.46)\u00a0\u00bb background_enable_color=\u00a0\u00bbon\u00a0\u00bb global_colors_info=\u00a0\u00bb{}\u00a0\u00bb]<\/p>\n<p>C\u00e9l\u00e9brations du 40i\u00e8me anniversaire dans l\u2019ancienne chapelle du coll\u00e8ge : les festivit\u00e9s incluent notamment une d\u00e9gustation de vins et fromages qu\u00e9b\u00e9cois, comment\u00e9e par le viticulteur L\u00e9on Courville, et des pi\u00e8ces musicales interpr\u00e9t\u00e9es \u00e0 la flute traversi\u00e8re par Florence Laurain et Arnaud Simard-Chabot, membres de l\u2019Orchestre symphonique des jeunes de Montr\u00e9al; Maestro Louis Lavigueur c\u00e9l\u00e8bre et commente les 40 ans de l\u2019orchestre. Jean-Claude Dufresne pr\u00e9sente les transformations de la chapelle et l\u2019\u0153uvre de Ren\u00e9 Derouin. \u00a0[<a href=\"https:\/\/www.fondationculturellebrebeuf.org\/wp-content\/uploads\/2024\/06\/Programme-40ieme-anniversaire.pdf\"><span style=\"color: #ff0000;\">Voir le programme<\/span><\/a>] \u00a0[<a href=\"https:\/\/www.fondationculturellebrebeuf.org\/wp-content\/uploads\/2024\/06\/Mot-de-bienvenue-40e-anniversaire.pdf\"><span style=\"color: #ff0000;\">Voir le mot de bienvenue prononc\u00e9 par Louise G\u00e9rin Duffy<\/span><\/a>]<\/p>\n<p>\u00c0 l&rsquo;occasion du 40i\u00e8me anniversaire de la Fondation culturelle, l&rsquo;association des anciens employ\u00e9s du coll\u00e8ge (AEB) distribue un bulletin sp\u00e9cial \u00e0 ses membres. [<a href=\"https:\/\/www.fondationculturellebrebeuf.org\/wp-content\/uploads\/2024\/06\/AEB-Bulletin-2016-final.pdf\"><span style=\"color: #ff0000;\">Voir le bulletin de l&rsquo;AEB<\/span><\/a>]<\/p>\n<p>[\/dipi_timeline_item][dipi_timeline_item title=\u00a0\u00bb18 juillet 2017 \u00a0\u00bb timeline_icon=\u00a0\u00bb&#x43;||divi||400&Prime; ribbon_use_circle=\u00a0\u00bboff\u00a0\u00bb use_icon=\u00a0\u00bbon\u00a0\u00bb icon_color=\u00a0\u00bb#000000&Prime; _builder_version=\u00a0\u00bb4.25.2&Prime; _module_preset=\u00a0\u00bb_initial\u00a0\u00bb header_text_color=\u00a0\u00bb#000000&Prime; body_text_color=\u00a0\u00bb#000000&Prime; background_color=\u00a0\u00bbrgba(255,201,183,0.39)\u00a0\u00bb background_enable_color=\u00a0\u00bbon\u00a0\u00bb global_colors_info=\u00a0\u00bb{}\u00a0\u00bb]<\/p>\n<p>Madeleine Pr\u00e9claire, fondatrice et pr\u00e9sidente de la Fondation culturelle pendant 24 ans, s&rsquo;\u00e9teint \u00e0 l\u2019\u00e2ge de 96 ans.<\/p>\n<p>[\/dipi_timeline_item][dipi_timeline_item title=\u00a0\u00bb6 juin 2019 \u00a0\u00bb timeline_icon=\u00a0\u00bb&#x43;||divi||400&Prime; ribbon_use_circle=\u00a0\u00bboff\u00a0\u00bb use_icon=\u00a0\u00bbon\u00a0\u00bb icon_color=\u00a0\u00bb#000000&Prime; _builder_version=\u00a0\u00bb4.25.2&Prime; _module_preset=\u00a0\u00bb_initial\u00a0\u00bb header_text_color=\u00a0\u00bb#000000&Prime; body_text_color=\u00a0\u00bb#000000&Prime; background_color=\u00a0\u00bbrgba(250,252,151,0.45)\u00a0\u00bb background_enable_color=\u00a0\u00bbon\u00a0\u00bb global_colors_info=\u00a0\u00bb{}\u00a0\u00bb]<\/p>\n<p>Suite au d\u00e9c\u00e8s de Jean-Marc B\u00e9langer et au d\u00e9part de Christiane L\u00e9aud, Jean St-Amant et Elaine Vadeboncoeur se joignent au c.a., Jean \u00e0 la vice-pr\u00e9sidence et Elaine au secr\u00e9tariat.<\/p>\n<p>[\/dipi_timeline_item][dipi_timeline_item title=\u00a0\u00bb12 mars 2020 \u00a0\u00bb timeline_icon=\u00a0\u00bb&#x43;||divi||400&Prime; ribbon_use_circle=\u00a0\u00bboff\u00a0\u00bb use_icon=\u00a0\u00bbon\u00a0\u00bb icon_color=\u00a0\u00bb#000000&Prime; _builder_version=\u00a0\u00bb4.25.2&Prime; _module_preset=\u00a0\u00bb_initial\u00a0\u00bb header_text_color=\u00a0\u00bb#000000&Prime; body_text_color=\u00a0\u00bb#000000&Prime; background_color=\u00a0\u00bbrgba(255,201,183,0.39)\u00a0\u00bb background_enable_color=\u00a0\u00bbon\u00a0\u00bb global_colors_info=\u00a0\u00bb{}\u00a0\u00bb]<\/p>\n<p>La pand\u00e9mie caus\u00e9e par la Covid-19 force la fermeture des institutions d\u2019enseignement et la cessation de notre session d\u2019activit\u00e9s hiver-printemps 2020. Comme partout ailleurs dans le monde, nous devons nous r\u00e9inventer. Dans les semaines suivantes, nous ouvrons un compte avec Zoom et planifions la suite des choses. Et depuis ce temps, nos conf\u00e9rences et cours sont offerts \u00e0 la fois en pr\u00e9sence et par visioconf\u00e9rence. Michel Pronovost, Jean St-Amant et Elaine Vadeboncoeur s&rsquo;occupent de la gestion des visioconf\u00e9rences.<\/p>\n<p>[\/dipi_timeline_item][dipi_timeline_item title=\u00a0\u00bb15 juin 2021 \u00a0\u00bb timeline_icon=\u00a0\u00bb&#x43;||divi||400&Prime; ribbon_use_circle=\u00a0\u00bboff\u00a0\u00bb use_icon=\u00a0\u00bbon\u00a0\u00bb icon_color=\u00a0\u00bb#000000&Prime; _builder_version=\u00a0\u00bb4.25.2&Prime; _module_preset=\u00a0\u00bb_initial\u00a0\u00bb header_text_color=\u00a0\u00bb#000000&Prime; body_text_color=\u00a0\u00bb#000000&Prime; background_color=\u00a0\u00bbrgba(250,252,151,0.45)\u00a0\u00bb background_enable_color=\u00a0\u00bbon\u00a0\u00bb global_colors_info=\u00a0\u00bb{}\u00a0\u00bb]<\/p>\n<p>Catherine Simard, une collaboratrice de longue date, se joint au c.a.<\/p>\n<p>[\/dipi_timeline_item][dipi_timeline_item title=\u00a0\u00bb7 juin 2022 \u00a0\u00bb timeline_icon=\u00a0\u00bb&#xf141;||fa||900&Prime; ribbon_use_circle=\u00a0\u00bboff\u00a0\u00bb use_icon=\u00a0\u00bbon\u00a0\u00bb icon_color=\u00a0\u00bb#000000&Prime; _builder_version=\u00a0\u00bb4.25.2&Prime; _module_preset=\u00a0\u00bb_initial\u00a0\u00bb header_text_color=\u00a0\u00bb#000000&Prime; body_text_color=\u00a0\u00bb#000000&Prime; background_color=\u00a0\u00bbrgba(250,252,151,0.45)\u00a0\u00bb background_enable_color=\u00a0\u00bbon\u00a0\u00bb global_colors_info=\u00a0\u00bb{}\u00a0\u00bb]<\/p>\n<p>Francine Gagnon, professeure de philosophie \u00e0 la retraite, se joint au c.a.<\/p>\n<p>[\/dipi_timeline_item][\/dipi_timeline][\/et_pb_column][et_pb_column type=\u00a0\u00bb2_5&Prime; _builder_version=\u00a0\u00bb4.25.0&Prime; _module_preset=\u00a0\u00bbdefault\u00a0\u00bb global_colors_info=\u00a0\u00bb{}\u00a0\u00bb][dipi_timeline layout=\u00a0\u00bbright\u00a0\u00bb line_area_size=\u00a0\u00bb0px\u00a0\u00bb timeline_line_width=\u00a0\u00bb0px\u00a0\u00bb timeline_line_style=\u00a0\u00bbnone\u00a0\u00bb timeline_line_color=\u00a0\u00bbRGBA(255,255,255,0)\u00a0\u00bb use_active_line=\u00a0\u00bboff\u00a0\u00bb card_arrow_size=\u00a0\u00bb0px\u00a0\u00bb card_arrow_color=\u00a0\u00bbRGBA(255,255,255,0)\u00a0\u00bb _builder_version=\u00a0\u00bb4.25.2&Prime; _module_preset=\u00a0\u00bb_initial\u00a0\u00bb background_color=\u00a0\u00bbrgba(37,140,249,0.41)\u00a0\u00bb global_colors_info=\u00a0\u00bb{}\u00a0\u00bb][dipi_timeline_item title=\u00a0\u00bbConf\u00e9rences\u00a0\u00bb use_timeline_icon=\u00a0\u00bboff\u00a0\u00bb ribbon_use_circle=\u00a0\u00bboff\u00a0\u00bb _builder_version=\u00a0\u00bb4.25.1&Prime; _module_preset=\u00a0\u00bb_initial\u00a0\u00bb background_enable_color=\u00a0\u00bboff\u00a0\u00bb global_colors_info=\u00a0\u00bb{}\u00a0\u00bb]<\/p>\n<p><span>Les conf\u00e9rences ont toujours \u00e9t\u00e9 au c\u0153ur de nos <\/span><span>activit\u00e9s. Elles portent sur des sujets vari\u00e9s et sont, <\/span><span>depuis la cr\u00e9ation de l\u2019organisme, pr\u00e9sent\u00e9es dans <\/span><span>la m\u00eame salle<\/span><span>. Andr\u00e9 Champagne <\/span><span>offre ses premi\u00e8res causeries en 1983. Depuis, sauf en <\/span><span>de tr\u00e8s rares circonstances, il en donne \u00e0 toutes les <\/span><span>sessions, sur diff\u00e9rents sujets historiques.<\/span><\/p>\n<p>[\/dipi_timeline_item][dipi_timeline_item title=\u00a0\u00bbAteliers litt\u00e9raires \u00a0\u00bb use_timeline_icon=\u00a0\u00bboff\u00a0\u00bb ribbon_use_circle=\u00a0\u00bboff\u00a0\u00bb _builder_version=\u00a0\u00bb4.27.0&Prime; _module_preset=\u00a0\u00bb_initial\u00a0\u00bb global_colors_info=\u00a0\u00bb{}\u00a0\u00bb]<\/p>\n<p>Depuis les d\u00e9buts, nous offrons des ateliers en litt\u00e9rature : le p\u00e8re Louis-Bertrand Raymond, S.J., pr\u00e9sente un atelier litt\u00e9raire de 1977 \u00e0 1997. Entre 1985 et 2007, Michel Tolosa offre plusieurs s\u00e9ries de cours sur diff\u00e9rents auteurs et sujets litt\u00e9raires. Et depuis 1994, Louise G\u00e9rin Duffy donne r\u00e9guli\u00e8rement des conf\u00e9rences et des s\u00e9ries de cours en litt\u00e9rature, et anime, depuis 2007, un cercle de lecture tr\u00e8s populaire et participatif.<\/p>\n<p>[\/dipi_timeline_item][dipi_timeline_item title=\u00a0\u00bbCours-ateliers d\u2019informatique \u00a0\u00bb use_timeline_icon=\u00a0\u00bboff\u00a0\u00bb ribbon_use_circle=\u00a0\u00bboff\u00a0\u00bb _builder_version=\u00a0\u00bb4.25.1&Prime; _module_preset=\u00a0\u00bb_initial\u00a0\u00bb global_colors_info=\u00a0\u00bb{}\u00a0\u00bb]<\/p>\n<p>Depuis 1980, nous offrons p\u00e9riodiquement des cours d\u2019informatique, dont la nature \u00e9volue selon l\u2019avancement de la technologie. Ainsi, dans les derni\u00e8res ann\u00e9es, une formation Zoom est offerte avant la session hiver-printemps 2021 afin de faciliter la participation aux activit\u00e9s par visioconf\u00e9rence, et un atelier sur les outils de photographie et de pr\u00e9sentation (PowerPoint) donn\u00e9 en 2020 permet aux usagers de concevoir des projets dans le cadre des ateliers sur Montr\u00e9al tenus de l\u2019automne 2020 au printemps 2022.<\/p>\n<p>[\/dipi_timeline_item][dipi_timeline_item title=\u00a0\u00bbConf\u00e9rences et cours-ateliers en philosophie \u00a0\u00bb use_timeline_icon=\u00a0\u00bboff\u00a0\u00bb ribbon_use_circle=\u00a0\u00bboff\u00a0\u00bb _builder_version=\u00a0\u00bb4.25.1&Prime; _module_preset=\u00a0\u00bb_initial\u00a0\u00bb global_colors_info=\u00a0\u00bb{}\u00a0\u00bb]<\/p>\n<p>Madeleine Pr\u00e9claire anime plusieurs conf\u00e9rences et ateliers sur diff\u00e9rents th\u00e8mes philosophiques entre 1977 et 2002. Gilles Obry donne cinq s\u00e9ries de quatre cours de 2001 \u00e0 2007. Depuis 1995, Germain Derome offre des s\u00e9ries de cours \u00e0 th\u00e9matiques philosophiques.<\/p>\n<p>[\/dipi_timeline_item][dipi_timeline_item title=\u00a0\u00bbInformatisation des activit\u00e9s\u00a0\u00bb use_timeline_icon=\u00a0\u00bboff\u00a0\u00bb ribbon_use_circle=\u00a0\u00bboff\u00a0\u00bb _builder_version=\u00a0\u00bb4.25.1&Prime; _module_preset=\u00a0\u00bb_initial\u00a0\u00bb global_colors_info=\u00a0\u00bb{}\u00a0\u00bb]<\/p>\n<p>\u00c0 leur arriv\u00e9e en 2001, Margot DeSerres modernise la tenue des livres comptables en d\u00e9veloppant des outils de travail et de prise de d\u00e9cision, et Louise G\u00e9rin Duffy prend en charge et informatise la conception des programmes et la gestion des listes d\u2019inscription, optimisant ainsi ces activit\u00e9s.<\/p>\n<p>[\/dipi_timeline_item][dipi_timeline_item title=\u00a0\u00bbAtelier d&rsquo;\u00e9criture\u00a0\u00bb use_timeline_icon=\u00a0\u00bboff\u00a0\u00bb ribbon_use_circle=\u00a0\u00bboff\u00a0\u00bb _builder_version=\u00a0\u00bb4.25.1&Prime; _module_preset=\u00a0\u00bb_initial\u00a0\u00bb global_colors_info=\u00a0\u00bb{}\u00a0\u00bb]<\/p>\n<p style=\"font-weight: 400;\">Au printemps 2003, Andr\u00e9 Paradis propose une nouvelle activit\u00e9, l\u2019atelier d\u2019\u00e9criture, qu\u2019elle anime jusqu\u2019en 2006. Elle nous revient \u00e0 l\u2019hiver-printemps 2023 pour une derni\u00e8re session. Depuis 2006, l\u2019atelier d\u2019\u00e9criture poursuit ses activit\u00e9s, avec diff\u00e9rentes animatrices.<\/p>\n<p>[\/dipi_timeline_item][dipi_timeline_item title=\u00a0\u00bbCours de biologie\u00a0\u00bb use_timeline_icon=\u00a0\u00bboff\u00a0\u00bb ribbon_use_circle=\u00a0\u00bboff\u00a0\u00bb _builder_version=\u00a0\u00bb4.25.1&Prime; _module_preset=\u00a0\u00bb_initial\u00a0\u00bb global_colors_info=\u00a0\u00bb{}\u00a0\u00bb]<\/p>\n<p><span>Jean-Marc B\u00e9langer offre quinze s\u00e9ries de six cours sur diff\u00e9rents sujets reli\u00e9s \u00e0 la biologie entre 2010 et 2018.<\/span><\/p>\n<p>[\/dipi_timeline_item][dipi_timeline_item title=\u00a0\u00bbBulletin hebdomadaire\u00a0\u00bb use_timeline_icon=\u00a0\u00bboff\u00a0\u00bb ribbon_use_circle=\u00a0\u00bboff\u00a0\u00bb _builder_version=\u00a0\u00bb4.25.1&Prime; _module_preset=\u00a0\u00bb_initial\u00a0\u00bb global_colors_info=\u00a0\u00bb{}\u00a0\u00bb]<\/p>\n<p><span>L\u2019hiver 2012 marque le d\u00e9but du bulletin hebdomadaire, dont Jean-Marc B\u00e9langer est le r\u00e9dacteur en chef jusqu\u2019\u00e0 son d\u00e9c\u00e8s en 2019. Depuis, Louise G\u00e9rin Duffy en assure la r\u00e9daction, l\u2019illustration et la publication.<\/span><\/p>\n<p>[\/dipi_timeline_item][dipi_timeline_item title=\u00a0\u00bbCin\u00e9-club\u00a0\u00bb use_timeline_icon=\u00a0\u00bboff\u00a0\u00bb ribbon_use_circle=\u00a0\u00bboff\u00a0\u00bb _builder_version=\u00a0\u00bb4.25.1&Prime; _module_preset=\u00a0\u00bb_initial\u00a0\u00bb global_colors_info=\u00a0\u00bb{}\u00a0\u00bb]<\/p>\n<p><span>Le premier cin\u00e9-club est offert par Roger Marcotte, S.J. d\u00e8s 1977. En 2001-2002, Bernard B\u00e9rub\u00e9 remet cette activit\u00e9 au programme. Et depuis l\u2019automne 2019, Jean St-Amant a pris la rel\u00e8ve \u00e0 l\u2019animation de cet atelier tr\u00e8s pris\u00e9 des membres.<\/span><\/p>\n<p>[\/dipi_timeline_item][dipi_timeline_item title=\u00a0\u00bbConf\u00e9rences et cours-ateliers sur l\u2019architecture\u00a0\u00bb use_timeline_icon=\u00a0\u00bboff\u00a0\u00bb ribbon_use_circle=\u00a0\u00bboff\u00a0\u00bb _builder_version=\u00a0\u00bb4.25.1&Prime; _module_preset=\u00a0\u00bb_initial\u00a0\u00bb global_colors_info=\u00a0\u00bb{}\u00a0\u00bb]<\/p>\n<p><span>Jean-Claude Dufresne anime des cours, conf\u00e9rences et visites guid\u00e9es sur l\u2019architecture, d\u2019abord en 2003, puis depuis 2016. Il offre une s\u00e9rie de cours sur l\u2019histoire de l\u2019architecture en f\u00e9vrier-mars 2021.<\/span><\/p>\n<p>[\/dipi_timeline_item][dipi_timeline_item title=\u00a0\u00bbConf\u00e9rences et ateliers en psychologie\u00a0\u00bb use_timeline_icon=\u00a0\u00bboff\u00a0\u00bb ribbon_use_circle=\u00a0\u00bboff\u00a0\u00bb _builder_version=\u00a0\u00bb4.25.1&Prime; _module_preset=\u00a0\u00bb_initial\u00a0\u00bb global_colors_info=\u00a0\u00bb{}\u00a0\u00bb]<\/p>\n<p><span>Catherine Simard offre onze conf\u00e9rences en psychologie du vieillissement en 1983 et 1984, puis des ateliers en 1995 et 1996.<\/span><\/p>\n<p>[\/dipi_timeline_item][dipi_timeline_item title=\u00a0\u00bb Cours et ateliers d\u2019art\u00a0\u00bb use_timeline_icon=\u00a0\u00bboff\u00a0\u00bb ribbon_use_circle=\u00a0\u00bboff\u00a0\u00bb _builder_version=\u00a0\u00bb4.25.1&Prime; _module_preset=\u00a0\u00bb_initial\u00a0\u00bb global_colors_info=\u00a0\u00bb{}\u00a0\u00bb]<\/p>\n<p><span>Pendant plusieurs ann\u00e9es, des cours et ateliers d\u2019arts visuels (peinture \u00e0 l\u2019huile, aquarelle) sont offerts, et la musique fait r\u00e9guli\u00e8rement partie de nos programmes.<\/span><\/p>\n<p>[\/dipi_timeline_item][dipi_timeline_item title=\u00a0\u00bbAteliers de math\u00e9matiques\u00a0\u00bb use_timeline_icon=\u00a0\u00bboff\u00a0\u00bb ribbon_use_circle=\u00a0\u00bboff\u00a0\u00bb _builder_version=\u00a0\u00bb4.25.1&Prime; _module_preset=\u00a0\u00bb_initial\u00a0\u00bb global_colors_info=\u00a0\u00bb{}\u00a0\u00bb]<\/p>\n<p><span>Vincent Papillon anime quelques ateliers en math\u00e9matiques, d\u2019abord en 1982, puis depuis 2006, dont un atelier de g\u00e9om\u00e9trie en mars 2021.<\/span><\/p>\n<p>[\/dipi_timeline_item][dipi_timeline_item title=\u00a0\u00bbLogo de la Fondation culturelle\u00a0\u00bb use_timeline_icon=\u00a0\u00bboff\u00a0\u00bb ribbon_use_circle=\u00a0\u00bboff\u00a0\u00bb _builder_version=\u00a0\u00bb4.25.1&Prime; _module_preset=\u00a0\u00bb_initial\u00a0\u00bb global_colors_info=\u00a0\u00bb{}\u00a0\u00bb]<\/p>\n<p><span>La conception du logo actuel de la Fondation culturelle, qui date de 2012, est le fruit du travail de cr\u00e9ation de Lyne Gagnon, artiste multidisciplinaire qui a enseign\u00e9 une session au coll\u00e8ge apr\u00e8s avoir \u00e9t\u00e9 r\u00e9alisatrice \u00e0 la t\u00e9l\u00e9vision de Radio-Canada. Elle d\u00e9tient une formation en arts visuels et communication. Elle s&rsquo;inspire de la fa\u00e7ade \u00e0 colonnes du coll\u00e8ge, la stylisant, et lui ajoutant un rectangle symbolisant une porte ouverte sur l&rsquo;apprentissage. Les couleurs rev\u00eatent aussi une symbolique importante.<\/span><\/p>\n<p>[\/dipi_timeline_item][\/dipi_timeline][\/et_pb_column][\/et_pb_row][\/et_pb_section][et_pb_section fb_built=\u00a0\u00bb1&Prime; admin_label=\u00a0\u00bbHero\u00a0\u00bb _builder_version=\u00a0\u00bb4.24.3&Prime; _module_preset=\u00a0\u00bbdefault\u00a0\u00bb use_background_color_gradient=\u00a0\u00bbon\u00a0\u00bb background_color_gradient_type=\u00a0\u00bbcircular\u00a0\u00bb background_color_gradient_direction_radial=\u00a0\u00bbtop left\u00a0\u00bb background_color_gradient_stops=\u00a0\u00bbrgba(40,40,40,0.79) 0%|rgba(40,40,40,0.86) 100%\u00a0\u00bb background_color_gradient_overlays_image=\u00a0\u00bbon\u00a0\u00bb background_color_gradient_start=\u00a0\u00bbrgba(40,40,40,0.79)\u00a0\u00bb background_color_gradient_end=\u00a0\u00bbrgba(40,40,40,0.86)\u00a0\u00bb background_image=\u00a0\u00bbhttps:\/\/www.fondationculturellebrebeuf.org\/vs2024\/wp-content\/uploads\/2024\/02\/facade1-1536&#215;1152-1.jpg\u00a0\u00bb custom_margin=\u00a0\u00bb||||false\u00a0\u00bb custom_padding=\u00a0\u00bb0vw||0vw||true|false\u00a0\u00bb global_colors_info=\u00a0\u00bb{}\u00a0\u00bb][\/et_pb_section][et_pb_section fb_built=\u00a0\u00bb1&Prime; _builder_version=\u00a0\u00bb4.24.2&Prime; _module_preset=\u00a0\u00bbdefault\u00a0\u00bb custom_margin=\u00a0\u00bb-113px|||||\u00a0\u00bb locked=\u00a0\u00bboff\u00a0\u00bb global_colors_info=\u00a0\u00bb{}\u00a0\u00bb][et_pb_row column_structure=\u00a0\u00bb1_2,1_2&Prime; _builder_version=\u00a0\u00bb4.24.2&Prime; _module_preset=\u00a0\u00bbdefault\u00a0\u00bb custom_padding=\u00a0\u00bb2px|||||\u00a0\u00bb global_colors_info=\u00a0\u00bb{}\u00a0\u00bb][et_pb_column type=\u00a0\u00bb1_2&Prime; _builder_version=\u00a0\u00bb4.24.2&Prime; _module_preset=\u00a0\u00bbdefault\u00a0\u00bb global_colors_info=\u00a0\u00bb{}\u00a0\u00bb][et_pb_text _builder_version=\u00a0\u00bb4.16&Prime; _module_preset=\u00a0\u00bbdefault\u00a0\u00bb text_font=\u00a0\u00bb||||||||\u00a0\u00bb header_font=\u00a0\u00bb||||||||\u00a0\u00bb header_2_font=\u00a0\u00bbRubik|700|||||||\u00a0\u00bb header_2_font_size=\u00a0\u00bb42px\u00a0\u00bb header_2_line_height=\u00a0\u00bb1.2em\u00a0\u00bb custom_margin=\u00a0\u00bb|||\u00a0\u00bb custom_padding=\u00a0\u00bb|||\u00a0\u00bb header_2_font_size_tablet=\u00a0\u00bb\u00a0\u00bb header_2_font_size_phone=\u00a0\u00bb36px\u00a0\u00bb header_2_font_size_last_edited=\u00a0\u00bbon|phone\u00a0\u00bb locked=\u00a0\u00bboff\u00a0\u00bb global_colors_info=\u00a0\u00bb{}\u00a0\u00bb]<\/p>\n<h2>Nous contacter<\/h2>\n<p>[\/et_pb_text][et_pb_divider color=\u00a0\u00bb#b72717&Prime; divider_position=\u00a0\u00bbcenter\u00a0\u00bb divider_weight=\u00a0\u00bb5px\u00a0\u00bb _builder_version=\u00a0\u00bb4.24.2&Prime; _module_preset=\u00a0\u00bbdefault\u00a0\u00bb max_width=\u00a0\u00bb50px\u00a0\u00bb locked=\u00a0\u00bboff\u00a0\u00bb global_colors_info=\u00a0\u00bb{}\u00a0\u00bb][\/et_pb_divider][\/et_pb_column][et_pb_column type=\u00a0\u00bb1_2&Prime; _builder_version=\u00a0\u00bb4.24.2&Prime; _module_preset=\u00a0\u00bbdefault\u00a0\u00bb global_colors_info=\u00a0\u00bb{}\u00a0\u00bb][et_pb_blurb title=\u00a0\u00bb5625, avenue Decelles  Montr\u00e9al Qc H3T 1W4&Prime; url=\u00a0\u00bbhttps:\/\/maps.app.goo.gl\/zPAzYMPkrYYhsMhi9&Prime; url_new_window=\u00a0\u00bbon\u00a0\u00bb use_icon=\u00a0\u00bbon\u00a0\u00bb font_icon=\u00a0\u00bb&#xe081;||divi||400&Prime; icon_color=\u00a0\u00bb#666666&Prime; icon_placement=\u00a0\u00bbleft\u00a0\u00bb image_icon_width=\u00a0\u00bb18px\u00a0\u00bb content_max_width=\u00a0\u00bb1100px\u00a0\u00bb _builder_version=\u00a0\u00bb4.24.2&Prime; _module_preset=\u00a0\u00bbdefault\u00a0\u00bb header_font=\u00a0\u00bbRubik||||||||\u00a0\u00bb header_font_size=\u00a0\u00bb16px\u00a0\u00bb header_line_height=\u00a0\u00bb1.2em\u00a0\u00bb body_font=\u00a0\u00bb||||||||\u00a0\u00bb module_alignment=\u00a0\u00bbcenter\u00a0\u00bb custom_margin=\u00a0\u00bb||20px|\u00a0\u00bb animation=\u00a0\u00bboff\u00a0\u00bb link_option_url_new_window=\u00a0\u00bbon\u00a0\u00bb icon_font_size=\u00a0\u00bb18px\u00a0\u00bb locked=\u00a0\u00bboff\u00a0\u00bb global_colors_info=\u00a0\u00bb{}\u00a0\u00bb][\/et_pb_blurb][et_pb_blurb title=\u00a0\u00bb 514-342-9342, poste 5412&Prime; use_icon=\u00a0\u00bbon\u00a0\u00bb font_icon=\u00a0\u00bb&#xe090;||divi||400&Prime; icon_color=\u00a0\u00bb#666666&Prime; icon_placement=\u00a0\u00bbleft\u00a0\u00bb image_icon_width=\u00a0\u00bb18px\u00a0\u00bb content_max_width=\u00a0\u00bb1100px\u00a0\u00bb _builder_version=\u00a0\u00bb4.24.2&Prime; _module_preset=\u00a0\u00bbdefault\u00a0\u00bb header_font=\u00a0\u00bbRubik||||||||\u00a0\u00bb header_font_size=\u00a0\u00bb16px\u00a0\u00bb header_line_height=\u00a0\u00bb1.2em\u00a0\u00bb body_font=\u00a0\u00bb||||||||\u00a0\u00bb module_alignment=\u00a0\u00bbcenter\u00a0\u00bb custom_margin=\u00a0\u00bb||20px|\u00a0\u00bb animation=\u00a0\u00bboff\u00a0\u00bb icon_font_size=\u00a0\u00bb18px\u00a0\u00bb locked=\u00a0\u00bboff\u00a0\u00bb global_colors_info=\u00a0\u00bb{}\u00a0\u00bb][\/et_pb_blurb][et_pb_blurb title=\u00a0\u00bbfculturelle@brebeuf.qc.ca\u00a0\u00bb url=\u00a0\u00bbmailto:fculturelle@brebeuf.qc.ca\u00a0\u00bb use_icon=\u00a0\u00bbon\u00a0\u00bb font_icon=\u00a0\u00bb&#xe076;||divi||400&Prime; icon_color=\u00a0\u00bb#666666&Prime; icon_placement=\u00a0\u00bbleft\u00a0\u00bb image_icon_width=\u00a0\u00bb18px\u00a0\u00bb content_max_width=\u00a0\u00bb1100px\u00a0\u00bb _builder_version=\u00a0\u00bb4.24.2&Prime; _module_preset=\u00a0\u00bbdefault\u00a0\u00bb header_font=\u00a0\u00bbRubik||||||||\u00a0\u00bb header_font_size=\u00a0\u00bb16px\u00a0\u00bb header_line_height=\u00a0\u00bb1.2em\u00a0\u00bb body_font=\u00a0\u00bb||||||||\u00a0\u00bb module_alignment=\u00a0\u00bbcenter\u00a0\u00bb custom_margin=\u00a0\u00bb||20px|\u00a0\u00bb animation=\u00a0\u00bboff\u00a0\u00bb icon_font_size=\u00a0\u00bb18px\u00a0\u00bb locked=\u00a0\u00bboff\u00a0\u00bb global_colors_info=\u00a0\u00bb{}\u00a0\u00bb][\/et_pb_blurb][et_pb_blurb title=\u00a0\u00bbPage Facebook\u00a0\u00bb url=\u00a0\u00bbhttps:\/\/www.facebook.com\/fondationculturellebrebeuf\/\u00a0\u00bb url_new_window=\u00a0\u00bbon\u00a0\u00bb use_icon=\u00a0\u00bbon\u00a0\u00bb font_icon=\u00a0\u00bb&#xe0aa;||divi||400&Prime; icon_color=\u00a0\u00bb#666666&Prime; icon_placement=\u00a0\u00bbleft\u00a0\u00bb image_icon_width=\u00a0\u00bb18px\u00a0\u00bb content_max_width=\u00a0\u00bb1100px\u00a0\u00bb _builder_version=\u00a0\u00bb4.24.2&Prime; _module_preset=\u00a0\u00bbdefault\u00a0\u00bb header_font=\u00a0\u00bbRubik||||||||\u00a0\u00bb header_font_size=\u00a0\u00bb16px\u00a0\u00bb header_line_height=\u00a0\u00bb1.2em\u00a0\u00bb body_font=\u00a0\u00bb||||||||\u00a0\u00bb module_alignment=\u00a0\u00bbcenter\u00a0\u00bb custom_margin=\u00a0\u00bb||20px|\u00a0\u00bb animation=\u00a0\u00bboff\u00a0\u00bb icon_font_size=\u00a0\u00bb18px\u00a0\u00bb locked=\u00a0\u00bboff\u00a0\u00bb global_colors_info=\u00a0\u00bb{}\u00a0\u00bb][\/et_pb_blurb][\/et_pb_column][\/et_pb_row][\/et_pb_section][et_pb_section fb_built=\u00a0\u00bb1&Prime; _builder_version=\u00a0\u00bb4.24.2&Prime; _module_preset=\u00a0\u00bbdefault\u00a0\u00bb background_color=\u00a0\u00bb#b72717&Prime; locked=\u00a0\u00bboff\u00a0\u00bb global_colors_info=\u00a0\u00bb{}\u00a0\u00bb][et_pb_row column_structure=\u00a0\u00bb1_2,1_2&Prime; _builder_version=\u00a0\u00bb4.24.2&Prime; _module_preset=\u00a0\u00bbdefault\u00a0\u00bb custom_padding=\u00a0\u00bb|||10px||\u00a0\u00bb global_colors_info=\u00a0\u00bb{}\u00a0\u00bb][et_pb_column type=\u00a0\u00bb1_2&Prime; _builder_version=\u00a0\u00bb4.24.2&Prime; _module_preset=\u00a0\u00bbdefault\u00a0\u00bb global_colors_info=\u00a0\u00bb{}\u00a0\u00bb][et_pb_text _builder_version=\u00a0\u00bb4.24.2&Prime; _module_preset=\u00a0\u00bbdefault\u00a0\u00bb global_colors_info=\u00a0\u00bb{}\u00a0\u00bb]<\/p>\n<h4 style=\"text-align: center;\"><span style=\"color: #f7f7f7;\"><strong>Si vous souhaitez recevoir notre bulletin hebdomadaire par courriel, <\/strong><\/span><span style=\"color: #f7f7f7;\"><strong>veuillez le demander \u00e0 l\u2019adresse suivante.<\/strong><\/span><\/h4>\n<p>[\/et_pb_text][\/et_pb_column][et_pb_column type=\u00a0\u00bb1_2&Prime; _builder_version=\u00a0\u00bb4.24.2&Prime; _module_preset=\u00a0\u00bbdefault\u00a0\u00bb background_enable_color=\u00a0\u00bboff\u00a0\u00bb global_colors_info=\u00a0\u00bb{}\u00a0\u00bb][et_pb_button button_url=\u00a0\u00bbmailto:fculturelle@brebeuf.qc.ca\u00a0\u00bb button_text=\u00a0\u00bbfculturelle@brebeuf.qc.ca\u00a0\u00bb _builder_version=\u00a0\u00bb4.24.2&Prime; _module_preset=\u00a0\u00bbdefault\u00a0\u00bb custom_button=\u00a0\u00bbon\u00a0\u00bb button_text_color=\u00a0\u00bb#FFFFFF\u00a0\u00bb button_bg_color=\u00a0\u00bb#0a0a0a\u00a0\u00bb custom_margin=\u00a0\u00bb|||9px|false|false\u00a0\u00bb global_colors_info=\u00a0\u00bb{}\u00a0\u00bb][\/et_pb_button][\/et_pb_column][\/et_pb_row][\/et_pb_section][et_pb_section fb_built=\u00a0\u00bb1&Prime; _builder_version=\u00a0\u00bb4.24.2&Prime; _module_preset=\u00a0\u00bbdefault\u00a0\u00bb background_color=\u00a0\u00bb#1c1c1c\u00a0\u00bb custom_padding=\u00a0\u00bb54px|||||\u00a0\u00bb locked=\u00a0\u00bboff\u00a0\u00bb global_colors_info=\u00a0\u00bb{}\u00a0\u00bb][et_pb_row column_structure=\u00a0\u00bb1_3,1_3,1_3&Prime; _builder_version=\u00a0\u00bb4.24.2&Prime; _module_preset=\u00a0\u00bbdefault\u00a0\u00bb global_colors_info=\u00a0\u00bb{}\u00a0\u00bb][et_pb_column type=\u00a0\u00bb1_3&Prime; _builder_version=\u00a0\u00bb4.24.2&Prime; _module_preset=\u00a0\u00bbdefault\u00a0\u00bb global_colors_info=\u00a0\u00bb{}\u00a0\u00bb][\/et_pb_column][et_pb_column type=\u00a0\u00bb1_3&Prime; _builder_version=\u00a0\u00bb4.24.2&Prime; _module_preset=\u00a0\u00bbdefault\u00a0\u00bb global_colors_info=\u00a0\u00bb{}\u00a0\u00bb][et_pb_image src=\u00a0\u00bbhttps:\/\/www.fondationculturellebrebeuf.org\/vs2024\/wp-content\/uploads\/2024\/02\/fcb_logo_footer_blanc.png\u00a0\u00bb title_text=\u00a0\u00bbfcb_logo_footer_blanc\u00a0\u00bb _builder_version=\u00a0\u00bb4.24.2&Prime; _module_preset=\u00a0\u00bbdefault\u00a0\u00bb custom_margin=\u00a0\u00bb|||92px|false|false\u00a0\u00bb global_colors_info=\u00a0\u00bb{}\u00a0\u00bb][\/et_pb_image][\/et_pb_column][et_pb_column type=\u00a0\u00bb1_3&Prime; _builder_version=\u00a0\u00bb4.24.2&Prime; _module_preset=\u00a0\u00bbdefault\u00a0\u00bb global_colors_info=\u00a0\u00bb{}\u00a0\u00bb][\/et_pb_column][\/et_pb_row][et_pb_row _builder_version=\u00a0\u00bb4.24.2&Prime; _module_preset=\u00a0\u00bbdefault\u00a0\u00bb custom_margin=\u00a0\u00bb-27px|auto|1px|auto||\u00a0\u00bb global_colors_info=\u00a0\u00bb{}\u00a0\u00bb][et_pb_column type=\u00a0\u00bb4_4&Prime; _builder_version=\u00a0\u00bb4.24.2&Prime; _module_preset=\u00a0\u00bbdefault\u00a0\u00bb global_colors_info=\u00a0\u00bb{}\u00a0\u00bb][et_pb_text _builder_version=\u00a0\u00bb4.24.2&Prime; _module_preset=\u00a0\u00bbdefault\u00a0\u00bb global_colors_info=\u00a0\u00bb{}\u00a0\u00bb]<\/p>\n<p style=\"text-align: center;\"><span style=\"color: #ffffff;\">La Fondation culturelle remercie la Direction et le personnel du coll\u00e8ge Jean-de-Br\u00e9beuf de leur collaboration constante et g\u00e9n\u00e9reuse.<\/span><\/p>\n<p style=\"text-align: center;\"><span><span style=\"color: #ffffff;\">Elle exprime aussi sa reconnaissance \u00e0 ses b\u00e9n\u00e9voles et \u00e0 ses membres fid\u00e8les de m\u00eame qu&rsquo;\u00e0 celles et ceux qui la soutiennent de leurs dons<\/span>.<\/span><\/p>\n<p>[\/et_pb_text][\/et_pb_column][\/et_pb_row][et_pb_row column_structure=\u00a0\u00bb1_3,1_3,1_3&Prime; _builder_version=\u00a0\u00bb4.24.2&Prime; _module_preset=\u00a0\u00bbdefault\u00a0\u00bb border_width_top=\u00a0\u00bb1px\u00a0\u00bb border_color_top=\u00a0\u00bb#FFFFFF\u00a0\u00bb global_colors_info=\u00a0\u00bb{}\u00a0\u00bb][et_pb_column type=\u00a0\u00bb1_3&Prime; _builder_version=\u00a0\u00bb4.24.2&Prime; _module_preset=\u00a0\u00bbdefault\u00a0\u00bb global_colors_info=\u00a0\u00bb{}\u00a0\u00bb][\/et_pb_column][et_pb_column type=\u00a0\u00bb1_3&Prime; _builder_version=\u00a0\u00bb4.24.2&Prime; _module_preset=\u00a0\u00bbdefault\u00a0\u00bb global_colors_info=\u00a0\u00bb{}\u00a0\u00bb][et_pb_text _builder_version=\u00a0\u00bb4.24.2&Prime; _dynamic_attributes=\u00a0\u00bblink_option_url\u00a0\u00bb _module_preset=\u00a0\u00bbdefault\u00a0\u00bb link_option_url=\u00a0\u00bb@ET-DC@eyJkeW5hbWljIjp0cnVlLCJjb250ZW50IjoicG9zdF9saW5rX3VybF9wYWdlIiwic2V0dGluZ3MiOnsicG9zdF9pZCI6IjI2NCJ9fQ==@\u00a0\u00bb global_colors_info=\u00a0\u00bb{}\u00a0\u00bb]<\/p>\n<p style=\"text-align: center;\"><span style=\"text-decoration: underline;\"><strong><span style=\"color: #ffffff; text-decoration: underline;\">Politique de confidentialit\u00e9<\/span><\/strong><\/span><\/p>\n<p>[\/et_pb_text][\/et_pb_column][et_pb_column type=\u00a0\u00bb1_3&Prime; _builder_version=\u00a0\u00bb4.24.2&Prime; _module_preset=\u00a0\u00bbdefault\u00a0\u00bb global_colors_info=\u00a0\u00bb{}\u00a0\u00bb][\/et_pb_column][\/et_pb_row][\/et_pb_section]<\/p>\n","protected":false},"excerpt":{"rendered":"<p>Notre association et son histoire Notre mission \u00c0 la Fondation culturelle Jean-de-Br\u00e9beuf, notre mission est \u00e0 la fois \u00e9ducative,\u00a0culturelle et sociale : \u00e9ducative et culturelle puisque nous offrons des lieux [&hellip;]<\/p>\n","protected":false},"author":2,"featured_media":0,"parent":0,"menu_order":0,"comment_status":"closed","ping_status":"closed","template":"","meta":{"_et_pb_use_builder":"on","_et_pb_old_content":"","_et_gb_content_width":"","_price":"","_stock":"","_tribe_ticket_header":"","_tribe_default_ticket_provider":"","_ticket_start_date":"","_ticket_end_date":"","_tribe_ticket_show_description":"","_tribe_ticket_show_not_going":false,"_tribe_ticket_use_global_stock":"","_tribe_ticket_global_stock_level":"","_global_stock_mode":"","_global_stock_cap":"","_tribe_rsvp_for_event":"","_tribe_ticket_going_count":"","_tribe_ticket_not_going_count":"","_tribe_tickets_list":"[]","_tribe_ticket_has_attendee_info_fields":false,"footnotes":"","_tec_slr_enabled":"","_tec_slr_layout":""},"dipi_cpt_category":[],"class_list":["post-162","page","type-page","status-publish","hentry"],"ticketed":false,"_links":{"self":[{"href":"https:\/\/www.fondationculturellebrebeuf.org\/index.php\/wp-json\/wp\/v2\/pages\/162","targetHints":{"allow":["GET"]}}],"collection":[{"href":"https:\/\/www.fondationculturellebrebeuf.org\/index.php\/wp-json\/wp\/v2\/pages"}],"about":[{"href":"https:\/\/www.fondationculturellebrebeuf.org\/index.php\/wp-json\/wp\/v2\/types\/page"}],"author":[{"embeddable":true,"href":"https:\/\/www.fondationculturellebrebeuf.org\/index.php\/wp-json\/wp\/v2\/users\/2"}],"replies":[{"embeddable":true,"href":"https:\/\/www.fondationculturellebrebeuf.org\/index.php\/wp-json\/wp\/v2\/comments?post=162"}],"version-history":[{"count":107,"href":"https:\/\/www.fondationculturellebrebeuf.org\/index.php\/wp-json\/wp\/v2\/pages\/162\/revisions"}],"predecessor-version":[{"id":2415,"href":"https:\/\/www.fondationculturellebrebeuf.org\/index.php\/wp-json\/wp\/v2\/pages\/162\/revisions\/2415"}],"wp:attachment":[{"href":"https:\/\/www.fondationculturellebrebeuf.org\/index.php\/wp-json\/wp\/v2\/media?parent=162"}],"wp:term":[{"taxonomy":"dipi_cpt_category","embeddable":true,"href":"https:\/\/www.fondationculturellebrebeuf.org\/index.php\/wp-json\/wp\/v2\/dipi_cpt_category?post=162"}],"curies":[{"name":"wp","href":"https:\/\/api.w.org\/{rel}","templated":true}]}}