{"id":264,"date":"2024-03-20T17:42:44","date_gmt":"2024-03-20T17:42:44","guid":{"rendered":"http:\/\/www.fondationculturellebrebeuf.org\/?page_id=264"},"modified":"2024-03-23T18:52:35","modified_gmt":"2024-03-23T18:52:35","slug":"confidentialite","status":"publish","type":"page","link":"https:\/\/www.fondationculturellebrebeuf.org\/index.php\/confidentialite\/","title":{"rendered":"Confidentialit\u00e9"},"content":{"rendered":"<p>[et_pb_section fb_built=\u00a0\u00bb1&Prime; admin_label=\u00a0\u00bbHero\u00a0\u00bb _builder_version=\u00a0\u00bb4.24.2&Prime; use_background_color_gradient=\u00a0\u00bbon\u00a0\u00bb background_color_gradient_type=\u00a0\u00bbcircular\u00a0\u00bb background_color_gradient_direction_radial=\u00a0\u00bbtop left\u00a0\u00bb background_color_gradient_stops=\u00a0\u00bbrgba(40,40,40,0.79) 0%|rgba(40,40,40,0.86) 100%\u00a0\u00bb background_color_gradient_overlays_image=\u00a0\u00bbon\u00a0\u00bb background_color_gradient_start=\u00a0\u00bbrgba(40,40,40,0.79)\u00a0\u00bb background_color_gradient_end=\u00a0\u00bbrgba(40,40,40,0.86)\u00a0\u00bb background_image=\u00a0\u00bbhttp:\/\/www.fondationculturellebrebeuf.org\/vs2024\/wp-content\/uploads\/2024\/02\/facade1-1536&#215;1152-1.jpg\u00a0\u00bb custom_margin=\u00a0\u00bb||||false\u00a0\u00bb custom_padding=\u00a0\u00bb10vw||10vw||true|false\u00a0\u00bb global_colors_info=\u00a0\u00bb{}\u00a0\u00bb][et_pb_row column_structure=\u00a0\u00bb2_3,1_3&Prime; _builder_version=\u00a0\u00bb4.16&Prime; global_colors_info=\u00a0\u00bb{}\u00a0\u00bb][et_pb_column type=\u00a0\u00bb2_3&Prime; _builder_version=\u00a0\u00bb4.16&Prime; custom_padding=\u00a0\u00bb|||\u00a0\u00bb global_colors_info=\u00a0\u00bb{}\u00a0\u00bb custom_padding__hover=\u00a0\u00bb|||\u00a0\u00bb][et_pb_text _builder_version=\u00a0\u00bb4.24.2&Prime; text_font=\u00a0\u00bb||||||||\u00a0\u00bb header_font=\u00a0\u00bbRubik|700|||||||\u00a0\u00bb header_font_size=\u00a0\u00bb64px\u00a0\u00bb header_line_height=\u00a0\u00bb1.1em\u00a0\u00bb background_layout=\u00a0\u00bbdark\u00a0\u00bb max_width=\u00a0\u00bb800px\u00a0\u00bb custom_margin=\u00a0\u00bb||0px|\u00a0\u00bb custom_padding=\u00a0\u00bb|||16px\u00a0\u00bb text_font_size_tablet=\u00a0\u00bb14px\u00a0\u00bb text_font_size_last_edited=\u00a0\u00bboff|desktop\u00a0\u00bb header_font_size_tablet=\u00a0\u00bb44px\u00a0\u00bb header_font_size_phone=\u00a0\u00bb32px\u00a0\u00bb header_font_size_last_edited=\u00a0\u00bbon|phone\u00a0\u00bb border_color_all=\u00a0\u00bb#b72717&Prime; border_width_left=\u00a0\u00bb10px\u00a0\u00bb global_colors_info=\u00a0\u00bb{}\u00a0\u00bb]<\/p>\n<h1>Confidentialit\u00e9<\/h1>\n<p>[\/et_pb_text][et_pb_text _builder_version=\u00a0\u00bb4.16&Prime; text_font=\u00a0\u00bb||||||||\u00a0\u00bb text_font_size=\u00a0\u00bb22px\u00a0\u00bb text_line_height=\u00a0\u00bb1.6em\u00a0\u00bb header_font=\u00a0\u00bb||||||||\u00a0\u00bb background_layout=\u00a0\u00bbdark\u00a0\u00bb max_width=\u00a0\u00bb800px\u00a0\u00bb custom_margin=\u00a0\u00bb|||\u00a0\u00bb custom_padding=\u00a0\u00bb20px||20px||true\u00a0\u00bb text_font_size_tablet=\u00a0\u00bb18px\u00a0\u00bb text_font_size_phone=\u00a0\u00bb\u00a0\u00bb text_font_size_last_edited=\u00a0\u00bbon|phone\u00a0\u00bb global_colors_info=\u00a0\u00bb{}\u00a0\u00bb][\/et_pb_text][\/et_pb_column][et_pb_column type=\u00a0\u00bb1_3&Prime; _builder_version=\u00a0\u00bb4.16&Prime; custom_padding=\u00a0\u00bb|||\u00a0\u00bb global_colors_info=\u00a0\u00bb{}\u00a0\u00bb custom_padding__hover=\u00a0\u00bb|||\u00a0\u00bb][\/et_pb_column][\/et_pb_row][\/et_pb_section][et_pb_section fb_built=\u00a0\u00bb1&Prime; _builder_version=\u00a0\u00bb4.24.2&Prime; _module_preset=\u00a0\u00bbdefault\u00a0\u00bb global_colors_info=\u00a0\u00bb{}\u00a0\u00bb custom_padding=\u00a0\u00bb||3px|||\u00a0\u00bb][et_pb_row _builder_version=\u00a0\u00bb4.24.2&Prime; _module_preset=\u00a0\u00bbdefault\u00a0\u00bb global_colors_info=\u00a0\u00bb{}\u00a0\u00bb][et_pb_column type=\u00a0\u00bb4_4&Prime; _builder_version=\u00a0\u00bb4.24.2&Prime; _module_preset=\u00a0\u00bbdefault\u00a0\u00bb global_colors_info=\u00a0\u00bb{}\u00a0\u00bb][et_pb_text _builder_version=\u00a0\u00bb4.24.2&Prime; _module_preset=\u00a0\u00bbdefault\u00a0\u00bb global_colors_info=\u00a0\u00bb{}\u00a0\u00bb]<\/p>\n<div class=\"vc_row wpb_row vc_row-fluid\">\n<div class=\"wpb_column vc_column_container vc_col-sm-12\">\n<div class=\"vc_column-inner\">\n<div class=\"wpb_wrapper\">\n<div class=\"wpb_text_column wpb_content_element \">\n<div class=\"wpb_wrapper\">\n<h1 class=\"wp-block-heading\"><span style=\"color: #000000;\">Politique de confidentialit\u00e9<\/span><\/h1>\n<p><span style=\"color: #000000;\">\u00a0<\/span><\/p>\n<h2><span style=\"color: #000000;\"><strong>Protection des renseignements personnels<\/strong><\/span><\/h2>\n<p><span style=\"color: #000000;\">Conform\u00e9ment \u00e0 la\u00a0<strong><em>Loi modernisant des dispositions l\u00e9gislatives en mati\u00e8re de protection des renseignements personnels dans le secteur priv\u00e9<\/em><\/strong>, aussi appel\u00e9e Loi 25, nous tenons \u00e0 vous informer de la politique et des proc\u00e9dures en place \u00e0 la Fondation culturelle du troisi\u00e8me \u00e2ge Jean-de-Br\u00e9beuf (ci-apr\u00e8s \u00ab\u00a0<strong>nous<\/strong>\u00a0\u00bb, \u00ab\u00a0<strong>nos<\/strong>\u00a0\u00bb, ou la \u00ab\u00a0<strong>Fondation culturelle<\/strong>\u00a0\u00bb) afin de prot\u00e9ger les renseignements personnels que vous nous fournissez dans le cadre de nos activit\u00e9s.<\/span><\/p>\n<p><span style=\"color: #000000;\">La protection des renseignements personnels concerne notamment l\u2019encadrement de la cueillette, de l\u2019utilisation, de la divulgation, du stockage et de la suppression de ces renseignements.<\/span><\/p>\n<p><span style=\"color: #000000;\">\u00a0<\/span><\/p>\n<h2><span style=\"color: #000000;\"><strong>Cueillette des renseignements personnels<\/strong><\/span><\/h2>\n<p><span style=\"color: #000000;\">Les renseignements personnels que nous vous demandons sont ceux qui nous permettent de vous inscrire \u00e0 nos conf\u00e9rences, cours, ateliers, visites et autres activit\u00e9s, de vous envoyer de l\u2019information et de communiquer avec vous relativement \u00e0 nos activit\u00e9s. \u00c0 cet effet, nous vous demandons votre nom, votre adresse postale, votre num\u00e9ro de t\u00e9l\u00e9phone et votre adresse courriel.<\/span><\/p>\n<p><span style=\"color: #000000;\">Vous nous transmettez aussi vos donn\u00e9es bancaires lorsque vous payez votre inscription par ch\u00e8que, puisque votre num\u00e9ro de compte y appara\u00eet. Lorsque vous payez par virement<em>\u00a0Interac<\/em>, par\u00a0<em>PayPal<\/em>\u00a0ou par le biais de l\u2019application\u00a0<em>Square<\/em>, vos donn\u00e9es bancaires sont connues et trait\u00e9es uniquement par l\u2019institution financi\u00e8re avec laquelle vous faites affaire et non par la Fondation culturelle. En effet, nous ne prenons pas en note vos num\u00e9ros de carte de cr\u00e9dit ou de carte bancaire.<\/span><\/p>\n<p><span style=\"color: #000000;\">Vous nous transmettez les renseignements ci-haut mentionn\u00e9s par courrier postal, par courriel, en personne au coll\u00e8ge ou parfois par t\u00e9l\u00e9phone. Nous ne recueillons aucun renseignement personnel par l\u2019interm\u00e9diaire du site Web de la Fondation culturelle.<\/span><\/p>\n<p><span style=\"color: #000000;\">\u00a0<\/span><\/p>\n<h2><span style=\"color: #000000;\"><strong>S\u00e9curit\u00e9, utilisation, stockage et suppression des renseignements personnels<\/strong><\/span><\/h2>\n<p><span style=\"color: #000000;\">Nous conservons vos renseignements personnels dans un environnement s\u00fbr afin de les prot\u00e9ger contre l\u2019acc\u00e8s, l\u2019utilisation ou la divulgation non autoris\u00e9s. Nous veillons \u00e0 maintenir la stricte confidentialit\u00e9 de tous les renseignements personnels recueillis, et nous les divulguons uniquement aux personnes d\u00e9sign\u00e9es par la Fondation culturelle qui traitent les inscriptions aux activit\u00e9s, l\u2019envoi de l\u2019information aux personnes inscrites ou participantes potentielles, et la communication avec celles-ci.<\/span><\/p>\n<p><span style=\"color: #000000;\">Lorsque vous nous transmettez vos renseignements personnels, que ce soit par courrier, par courriel, en personne ou par t\u00e9l\u00e9phone, le courrier, courriel ou document manuscrit sur lequel sont not\u00e9s les renseignements est conserv\u00e9 en lieu s\u00fbr. De m\u00eame, le syst\u00e8me comptable de la Fondation culturelle et les fichiers informatiques dans lesquels vos renseignements personnels sont consign\u00e9s aux fins du traitement des inscriptions aux activit\u00e9s et des communications avec vous sont prot\u00e9g\u00e9s contre l\u2019acc\u00e8s, l\u2019utilisation ou la divulgation non autoris\u00e9s. Si vous payez par ch\u00e8que, nous ne conservons aucune trace de vos donn\u00e9es bancaires apr\u00e8s que le ch\u00e8que a \u00e9t\u00e9 encaiss\u00e9.<\/span><\/p>\n<p><span style=\"color: #000000;\">Comme vous le savez, rien ne garantit que les donn\u00e9es transmises par le biais d\u2019Internet, notamment par courriel, le soient en toute s\u00e9curit\u00e9. La Fondation culturelle n\u2019a aucun contr\u00f4le sur ceci et, par cons\u00e9quent, n\u2019assume aucune responsabilit\u00e9 en ce qui a trait aux renseignements personnels transmis de cette fa\u00e7on.<\/span><\/p>\n<p><span style=\"color: #000000;\">Nous conservons vos renseignements personnels tant et aussi longtemps que vous vous inscrivez aux activit\u00e9s de la Fondation culturelle et pour une p\u00e9riode d\u2019environ deux ans suivant votre derni\u00e8re inscription, sous r\u00e9serve des lois applicables, sauf si vous nous indiquez que vous d\u00e9sirez continuer \u00e0 recevoir les envois que nous faisons. Nous modifions vos renseignements lorsque vous nous avisez d\u2019un changement.<\/span><\/p>\n<p><span style=\"color: #000000;\">Nous d\u00e9truisons vos renseignements personnels de fa\u00e7on s\u00e9curitaire lorsqu\u2019ils ne sont plus requis pour les fins d\u00e9crites ci-dessus.<\/span><\/p>\n<p><span style=\"color: #000000;\">\u00a0<\/span><\/p>\n<h2><span style=\"color: #000000;\"><strong>Divulgation des renseignements personnels \u00e0 des tiers<\/strong><\/span><\/h2>\n<p><span style=\"color: #000000;\">Nous utilisons vos renseignements personnels uniquement dans le cadre des activit\u00e9s de la Fondation culturelle, pour vous inscrire, vous informer et communiquer avec vous, tel que mentionn\u00e9 ci-dessus. Nous ne divulguons vos renseignements que conform\u00e9ment aux termes de la pr\u00e9sente politique.<\/span><\/p>\n<p><span style=\"color: #000000;\">Lors d\u2019un envoi group\u00e9 par courriel, c\u2019est-\u00e0-dire lorsque nous souhaitons transmettre un bulletin, document ou autre information \u00e0 un ensemble de personnes inscrites \u00e0 notre banque de donn\u00e9es ou participantes \u00e0 une m\u00eame activit\u00e9, nous adressons le courriel aux destinataires en envoi cach\u00e9 (Cci). Ainsi, aucun destinataire de l\u2019envoi ne peut avoir connaissance de l\u2019identit\u00e9 ou de l\u2019adresse courriel des autres destinataires.<\/span><\/p>\n<p><span style=\"color: #000000;\">Cependant, dans le cadre de certains ateliers form\u00e9s de petits groupes, il peut s\u2019av\u00e9rer utile pour l\u2019activit\u00e9 que les personnes inscrites \u00e0 celle-ci puissent communiquer entre elles. Dans ce cas bien particulier, il se peut que nous divulguions votre adresse courriel aux autres personnes du groupe.<\/span><\/p>\n<p><span style=\"color: #000000;\">\u00a0<\/span><\/p>\n<h2><span style=\"color: #000000;\"><strong>Liens avec des sites Web tiers<\/strong><\/span><\/h2>\n<p><span style=\"color: #000000;\">Le site Web de la Fondation culturelle peut inclure des hyperliens vers des sites Web tiers. Nous n\u2019avons aucun contr\u00f4le sur ces sites et, par cons\u00e9quent, nous n\u2019assumons aucune responsabilit\u00e9 quant au mode de cueillette, d\u2019utilisation, de divulgation ou de traitement des renseignements personnels par les organismes qui exploitent ces sites tiers. Nous vous recommandons alors de lire attentivement les politiques de confidentialit\u00e9 de ces sites si vous faites affaire avec eux.<\/span><\/p>\n<p><span style=\"color: #000000;\">\u00a0<\/span><\/p>\n<h2><span style=\"color: #000000;\"><strong>S\u00e9curit\u00e9 de paiement en ligne<\/strong><\/span><\/h2>\n<p><span style=\"color: #000000;\">Dans le cas o\u00f9 vous effectuez votre paiement en ligne par carte de cr\u00e9dit pour votre inscription \u00e0 nos activit\u00e9s, vous utilisez les services de cartes de cr\u00e9dit d\u2019un prestataire de paiement en ligne. Toute information fournie durant le traitement du paiement sera re\u00e7ue sur le serveur du prestataire de paiement et r\u00e9gie par la politique de protection des renseignements personnels de ce dernier.<\/span><\/p>\n<p><span style=\"color: #000000;\">\u00a0<\/span><\/p>\n<h2><span style=\"color: #000000;\"><strong>Consentement<\/strong><\/span><\/h2>\n<p><span style=\"color: #000000;\">En fournissant vos renseignements personnels \u00e0 la Fondation culturelle, vous consentez \u00e0 ce qu\u2019ils soient g\u00e9r\u00e9s en conformit\u00e9 avec les termes et conditions de la pr\u00e9sente politique.<\/span><\/p>\n<p><span style=\"color: #000000;\">\u00a0<\/span><\/p>\n<h2><span style=\"color: #000000;\"><strong>Pour nous joindre<\/strong><\/span><\/h2>\n<p><span style=\"color: #000000;\">Si vous avez des questions ou des plaintes concernant la fa\u00e7on dont nous traitons vos renseignements personnels ou si vous souhaitez acc\u00e9der aux renseignements que nous d\u00e9tenons \u00e0 votre sujet ou les rectifier, veuillez contacter notre Responsable de la protection des renseignements personnels \u00e0 l\u2019adresse\u00a0<u>fculturelle@brebeuf.qc.ca<\/u>.<\/span><\/p>\n<\/div>\n<\/div>\n<\/div>\n<\/div>\n<\/div>\n<\/div>\n<div class=\"vc_row wpb_row vc_row-fluid\">\n<div class=\"wpb_column vc_column_container vc_col-sm-12\">\n<div class=\"vc_column-inner\">\n<div class=\"wpb_wrapper\">\n<div class=\"vc_row wpb_row vc_inner vc_row-fluid\">\n<div class=\"wpb_column vc_column_container vc_col-sm-4\">\n<div class=\"vc_column-inner\">\n<div class=\"wpb_wrapper\">\n<div class=\"wpb_text_column wpb_content_element \">\n<div class=\"wpb_wrapper\"><\/div>\n<\/div>\n<\/div>\n<\/div>\n<\/div>\n<\/div>\n<\/div>\n<\/div>\n<\/div>\n<\/div>\n<p>[\/et_pb_text][\/et_pb_column][\/et_pb_row][\/et_pb_section][et_pb_section fb_built=\u00a0\u00bb1&Prime; _builder_version=\u00a0\u00bb4.24.2&Prime; _module_preset=\u00a0\u00bbdefault\u00a0\u00bb hover_enabled=\u00a0\u00bb0&Prime; global_colors_info=\u00a0\u00bb{}\u00a0\u00bb sticky_enabled=\u00a0\u00bb0&Prime; locked=\u00a0\u00bboff\u00a0\u00bb][et_pb_row column_structure=\u00a0\u00bb1_2,1_2&Prime; _builder_version=\u00a0\u00bb4.24.2&Prime; _module_preset=\u00a0\u00bbdefault\u00a0\u00bb global_colors_info=\u00a0\u00bb{}\u00a0\u00bb][et_pb_column type=\u00a0\u00bb1_2&Prime; _builder_version=\u00a0\u00bb4.24.2&Prime; _module_preset=\u00a0\u00bbdefault\u00a0\u00bb global_colors_info=\u00a0\u00bb{}\u00a0\u00bb][et_pb_text _builder_version=\u00a0\u00bb4.16&Prime; text_font=\u00a0\u00bb||||||||\u00a0\u00bb header_font=\u00a0\u00bb||||||||\u00a0\u00bb header_2_font=\u00a0\u00bbRubik|700|||||||\u00a0\u00bb header_2_font_size=\u00a0\u00bb42px\u00a0\u00bb header_2_line_height=\u00a0\u00bb1.2em\u00a0\u00bb custom_margin=\u00a0\u00bb|||\u00a0\u00bb custom_padding=\u00a0\u00bb|||\u00a0\u00bb header_2_font_size_tablet=\u00a0\u00bb\u00a0\u00bb header_2_font_size_phone=\u00a0\u00bb36px\u00a0\u00bb header_2_font_size_last_edited=\u00a0\u00bbon|phone\u00a0\u00bb locked=\u00a0\u00bboff\u00a0\u00bb global_colors_info=\u00a0\u00bb{}\u00a0\u00bb]<\/p>\n<h2>Nous contacter<\/h2>\n<p>[\/et_pb_text][et_pb_divider color=\u00a0\u00bb#b72717&Prime; divider_position=\u00a0\u00bbcenter\u00a0\u00bb divider_weight=\u00a0\u00bb5px\u00a0\u00bb _builder_version=\u00a0\u00bb4.24.2&Prime; max_width=\u00a0\u00bb50px\u00a0\u00bb locked=\u00a0\u00bboff\u00a0\u00bb global_colors_info=\u00a0\u00bb{}\u00a0\u00bb][\/et_pb_divider][\/et_pb_column][et_pb_column type=\u00a0\u00bb1_2&Prime; _builder_version=\u00a0\u00bb4.24.2&Prime; _module_preset=\u00a0\u00bbdefault\u00a0\u00bb global_colors_info=\u00a0\u00bb{}\u00a0\u00bb][et_pb_blurb title=\u00a0\u00bb5625, avenue Decelles  Montr\u00e9al Qc H3T 1W4&Prime; url=\u00a0\u00bbhttps:\/\/maps.app.goo.gl\/zPAzYMPkrYYhsMhi9&Prime; url_new_window=\u00a0\u00bbon\u00a0\u00bb use_icon=\u00a0\u00bbon\u00a0\u00bb font_icon=\u00a0\u00bb&#xe081;||divi||400&Prime; icon_color=\u00a0\u00bb#666666&Prime; icon_placement=\u00a0\u00bbleft\u00a0\u00bb image_icon_width=\u00a0\u00bb18px\u00a0\u00bb content_max_width=\u00a0\u00bb1100px\u00a0\u00bb _builder_version=\u00a0\u00bb4.24.2&Prime; header_font=\u00a0\u00bbRubik||||||||\u00a0\u00bb header_font_size=\u00a0\u00bb16px\u00a0\u00bb header_line_height=\u00a0\u00bb1.2em\u00a0\u00bb body_font=\u00a0\u00bb||||||||\u00a0\u00bb module_alignment=\u00a0\u00bbcenter\u00a0\u00bb custom_margin=\u00a0\u00bb||20px|\u00a0\u00bb animation=\u00a0\u00bboff\u00a0\u00bb link_option_url_new_window=\u00a0\u00bbon\u00a0\u00bb icon_font_size=\u00a0\u00bb18px\u00a0\u00bb locked=\u00a0\u00bboff\u00a0\u00bb global_colors_info=\u00a0\u00bb{}\u00a0\u00bb][\/et_pb_blurb][et_pb_blurb title=\u00a0\u00bb 514-342-9342, poste 5412&Prime; use_icon=\u00a0\u00bbon\u00a0\u00bb font_icon=\u00a0\u00bb&#xe090;||divi||400&Prime; icon_color=\u00a0\u00bb#666666&Prime; icon_placement=\u00a0\u00bbleft\u00a0\u00bb image_icon_width=\u00a0\u00bb18px\u00a0\u00bb content_max_width=\u00a0\u00bb1100px\u00a0\u00bb _builder_version=\u00a0\u00bb4.24.2&Prime; header_font=\u00a0\u00bbRubik||||||||\u00a0\u00bb header_font_size=\u00a0\u00bb16px\u00a0\u00bb header_line_height=\u00a0\u00bb1.2em\u00a0\u00bb body_font=\u00a0\u00bb||||||||\u00a0\u00bb module_alignment=\u00a0\u00bbcenter\u00a0\u00bb custom_margin=\u00a0\u00bb||20px|\u00a0\u00bb animation=\u00a0\u00bboff\u00a0\u00bb icon_font_size=\u00a0\u00bb18px\u00a0\u00bb locked=\u00a0\u00bboff\u00a0\u00bb global_colors_info=\u00a0\u00bb{}\u00a0\u00bb][\/et_pb_blurb][et_pb_blurb title=\u00a0\u00bbfculturelle@brebeuf.qc.ca\u00a0\u00bb url=\u00a0\u00bbmailto:fculturelle@brebeuf.qc.ca\u00a0\u00bb use_icon=\u00a0\u00bbon\u00a0\u00bb font_icon=\u00a0\u00bb&#xe076;||divi||400&Prime; icon_color=\u00a0\u00bb#666666&Prime; icon_placement=\u00a0\u00bbleft\u00a0\u00bb image_icon_width=\u00a0\u00bb18px\u00a0\u00bb content_max_width=\u00a0\u00bb1100px\u00a0\u00bb _builder_version=\u00a0\u00bb4.24.2&Prime; header_font=\u00a0\u00bbRubik||||||||\u00a0\u00bb header_font_size=\u00a0\u00bb16px\u00a0\u00bb header_line_height=\u00a0\u00bb1.2em\u00a0\u00bb body_font=\u00a0\u00bb||||||||\u00a0\u00bb module_alignment=\u00a0\u00bbcenter\u00a0\u00bb custom_margin=\u00a0\u00bb||20px|\u00a0\u00bb animation=\u00a0\u00bboff\u00a0\u00bb icon_font_size=\u00a0\u00bb18px\u00a0\u00bb locked=\u00a0\u00bboff\u00a0\u00bb global_colors_info=\u00a0\u00bb{}\u00a0\u00bb][\/et_pb_blurb][et_pb_blurb title=\u00a0\u00bbPage Facebook\u00a0\u00bb url=\u00a0\u00bbhttps:\/\/www.facebook.com\/fondationculturellebrebeuf\/\u00a0\u00bb url_new_window=\u00a0\u00bbon\u00a0\u00bb use_icon=\u00a0\u00bbon\u00a0\u00bb font_icon=\u00a0\u00bb&#xe0aa;||divi||400&Prime; icon_color=\u00a0\u00bb#666666&Prime; icon_placement=\u00a0\u00bbleft\u00a0\u00bb image_icon_width=\u00a0\u00bb18px\u00a0\u00bb content_max_width=\u00a0\u00bb1100px\u00a0\u00bb _builder_version=\u00a0\u00bb4.24.2&Prime; header_font=\u00a0\u00bbRubik||||||||\u00a0\u00bb header_font_size=\u00a0\u00bb16px\u00a0\u00bb header_line_height=\u00a0\u00bb1.2em\u00a0\u00bb body_font=\u00a0\u00bb||||||||\u00a0\u00bb module_alignment=\u00a0\u00bbcenter\u00a0\u00bb custom_margin=\u00a0\u00bb||20px|\u00a0\u00bb animation=\u00a0\u00bboff\u00a0\u00bb icon_font_size=\u00a0\u00bb18px\u00a0\u00bb locked=\u00a0\u00bboff\u00a0\u00bb global_colors_info=\u00a0\u00bb{}\u00a0\u00bb][\/et_pb_blurb][\/et_pb_column][\/et_pb_row][\/et_pb_section][et_pb_section fb_built=\u00a0\u00bb1&Prime; _builder_version=\u00a0\u00bb4.24.2&Prime; _module_preset=\u00a0\u00bbdefault\u00a0\u00bb background_color=\u00a0\u00bb#b72717&Prime; locked=\u00a0\u00bboff\u00a0\u00bb global_colors_info=\u00a0\u00bb{}\u00a0\u00bb][et_pb_row column_structure=\u00a0\u00bb1_2,1_2&Prime; _builder_version=\u00a0\u00bb4.24.2&Prime; _module_preset=\u00a0\u00bbdefault\u00a0\u00bb custom_padding=\u00a0\u00bb|||10px||\u00a0\u00bb global_colors_info=\u00a0\u00bb{}\u00a0\u00bb][et_pb_column type=\u00a0\u00bb1_2&Prime; _builder_version=\u00a0\u00bb4.24.2&Prime; _module_preset=\u00a0\u00bbdefault\u00a0\u00bb global_colors_info=\u00a0\u00bb{}\u00a0\u00bb][et_pb_text _builder_version=\u00a0\u00bb4.24.2&Prime; _module_preset=\u00a0\u00bbdefault\u00a0\u00bb global_colors_info=\u00a0\u00bb{}\u00a0\u00bb]<\/p>\n<h4 style=\"text-align: center;\"><span style=\"color: #f7f7f7;\"><strong>Si vous souhaitez recevoir notre bulletin hebdomadaire par courriel, <\/strong><\/span><span style=\"color: #f7f7f7;\"><strong>veuillez le demander \u00e0 l\u2019adresse suivante.<\/strong><\/span><\/h4>\n<p>[\/et_pb_text][\/et_pb_column][et_pb_column type=\u00a0\u00bb1_2&Prime; _builder_version=\u00a0\u00bb4.24.2&Prime; _module_preset=\u00a0\u00bbdefault\u00a0\u00bb background_enable_color=\u00a0\u00bboff\u00a0\u00bb global_colors_info=\u00a0\u00bb{}\u00a0\u00bb][et_pb_button button_url=\u00a0\u00bbmailto:fculturelle@brebeuf.qc.ca\u00a0\u00bb button_text=\u00a0\u00bbfculturelle@brebeuf.qc.ca\u00a0\u00bb _builder_version=\u00a0\u00bb4.24.2&Prime; _module_preset=\u00a0\u00bbdefault\u00a0\u00bb custom_button=\u00a0\u00bbon\u00a0\u00bb button_text_color=\u00a0\u00bb#FFFFFF\u00a0\u00bb button_bg_color=\u00a0\u00bb#0a0a0a\u00a0\u00bb custom_margin=\u00a0\u00bb|||9px|false|false\u00a0\u00bb global_colors_info=\u00a0\u00bb{}\u00a0\u00bb][\/et_pb_button][\/et_pb_column][\/et_pb_row][\/et_pb_section][et_pb_section fb_built=\u00a0\u00bb1&Prime; _builder_version=\u00a0\u00bb4.24.2&Prime; _module_preset=\u00a0\u00bbdefault\u00a0\u00bb background_color=\u00a0\u00bb#1c1c1c\u00a0\u00bb custom_padding=\u00a0\u00bb54px|||||\u00a0\u00bb locked=\u00a0\u00bboff\u00a0\u00bb global_colors_info=\u00a0\u00bb{}\u00a0\u00bb][et_pb_row column_structure=\u00a0\u00bb1_3,1_3,1_3&Prime; _builder_version=\u00a0\u00bb4.24.2&Prime; _module_preset=\u00a0\u00bbdefault\u00a0\u00bb global_colors_info=\u00a0\u00bb{}\u00a0\u00bb][et_pb_column type=\u00a0\u00bb1_3&Prime; _builder_version=\u00a0\u00bb4.24.2&Prime; _module_preset=\u00a0\u00bbdefault\u00a0\u00bb global_colors_info=\u00a0\u00bb{}\u00a0\u00bb][\/et_pb_column][et_pb_column type=\u00a0\u00bb1_3&Prime; _builder_version=\u00a0\u00bb4.24.2&Prime; _module_preset=\u00a0\u00bbdefault\u00a0\u00bb global_colors_info=\u00a0\u00bb{}\u00a0\u00bb][et_pb_image src=\u00a0\u00bbhttp:\/\/www.fondationculturellebrebeuf.org\/vs2024\/wp-content\/uploads\/2024\/02\/fcb_logo_footer_blanc.png\u00a0\u00bb title_text=\u00a0\u00bbfcb_logo_footer_blanc\u00a0\u00bb _builder_version=\u00a0\u00bb4.24.2&Prime; _module_preset=\u00a0\u00bbdefault\u00a0\u00bb custom_margin=\u00a0\u00bb|||92px|false|false\u00a0\u00bb global_colors_info=\u00a0\u00bb{}\u00a0\u00bb][\/et_pb_image][\/et_pb_column][et_pb_column type=\u00a0\u00bb1_3&Prime; _builder_version=\u00a0\u00bb4.24.2&Prime; _module_preset=\u00a0\u00bbdefault\u00a0\u00bb global_colors_info=\u00a0\u00bb{}\u00a0\u00bb][\/et_pb_column][\/et_pb_row][et_pb_row _builder_version=\u00a0\u00bb4.24.2&Prime; _module_preset=\u00a0\u00bbdefault\u00a0\u00bb custom_margin=\u00a0\u00bb-27px|auto|1px|auto||\u00a0\u00bb global_colors_info=\u00a0\u00bb{}\u00a0\u00bb][et_pb_column type=\u00a0\u00bb4_4&Prime; _builder_version=\u00a0\u00bb4.24.2&Prime; _module_preset=\u00a0\u00bbdefault\u00a0\u00bb global_colors_info=\u00a0\u00bb{}\u00a0\u00bb][et_pb_text _builder_version=\u00a0\u00bb4.24.2&Prime; _module_preset=\u00a0\u00bbdefault\u00a0\u00bb global_colors_info=\u00a0\u00bb{}\u00a0\u00bb]<\/p>\n<p style=\"text-align: center;\"><span style=\"color: #ffffff;\">La Fondation culturelle remercie la Direction et le personnel du coll\u00e8ge Jean-de-Br\u00e9beuf de leur collaboration constante et g\u00e9n\u00e9reuse.<\/span><\/p>\n<p style=\"text-align: center;\"><span><span style=\"color: #ffffff;\">Elle exprime aussi sa reconnaissance \u00e0 ses b\u00e9n\u00e9voles et \u00e0 ses membres fid\u00e8les de m\u00eame qu&rsquo;\u00e0 celles et ceux qui la soutiennent de leurs dons<\/span>.<\/span><\/p>\n<p>[\/et_pb_text][\/et_pb_column][\/et_pb_row][et_pb_row column_structure=\u00a0\u00bb1_3,1_3,1_3&Prime; _builder_version=\u00a0\u00bb4.24.2&Prime; _module_preset=\u00a0\u00bbdefault\u00a0\u00bb border_width_top=\u00a0\u00bb1px\u00a0\u00bb border_color_top=\u00a0\u00bb#FFFFFF\u00a0\u00bb global_colors_info=\u00a0\u00bb{}\u00a0\u00bb][et_pb_column type=\u00a0\u00bb1_3&Prime; _builder_version=\u00a0\u00bb4.24.2&Prime; _module_preset=\u00a0\u00bbdefault\u00a0\u00bb global_colors_info=\u00a0\u00bb{}\u00a0\u00bb][\/et_pb_column][et_pb_column type=\u00a0\u00bb1_3&Prime; _builder_version=\u00a0\u00bb4.24.2&Prime; _module_preset=\u00a0\u00bbdefault\u00a0\u00bb global_colors_info=\u00a0\u00bb{}\u00a0\u00bb][et_pb_text _builder_version=\u00a0\u00bb4.24.2&Prime; _dynamic_attributes=\u00a0\u00bblink_option_url\u00a0\u00bb _module_preset=\u00a0\u00bbdefault\u00a0\u00bb link_option_url=\u00a0\u00bb@ET-DC@eyJkeW5hbWljIjp0cnVlLCJjb250ZW50IjoicG9zdF9saW5rX3VybF9wYWdlIiwic2V0dGluZ3MiOnsicG9zdF9pZCI6IjI2NCJ9fQ==@\u00a0\u00bb global_colors_info=\u00a0\u00bb{}\u00a0\u00bb]<\/p>\n<p style=\"text-align: center;\"><span style=\"text-decoration: underline;\"><strong><span style=\"color: #ffffff; text-decoration: underline;\">Politique de confidentialit\u00e9<\/span><\/strong><\/span><\/p>\n<p>[\/et_pb_text][\/et_pb_column][et_pb_column type=\u00a0\u00bb1_3&Prime; _builder_version=\u00a0\u00bb4.24.2&Prime; _module_preset=\u00a0\u00bbdefault\u00a0\u00bb global_colors_info=\u00a0\u00bb{}\u00a0\u00bb][\/et_pb_column][\/et_pb_row][\/et_pb_section]<\/p>\n","protected":false},"excerpt":{"rendered":"<p>Confidentialit\u00e9 Politique de confidentialit\u00e9 \u00a0 Protection des renseignements personnels Conform\u00e9ment \u00e0 la\u00a0Loi modernisant des dispositions l\u00e9gislatives en mati\u00e8re de protection des renseignements personnels dans le secteur priv\u00e9, aussi appel\u00e9e Loi [&hellip;]<\/p>\n","protected":false},"author":2,"featured_media":0,"parent":0,"menu_order":0,"comment_status":"closed","ping_status":"closed","template":"","meta":{"_et_pb_use_builder":"on","_et_pb_old_content":"","_et_gb_content_width":"","_price":"","_stock":"","_tribe_ticket_header":"","_tribe_default_ticket_provider":"","_ticket_start_date":"","_ticket_end_date":"","_tribe_ticket_show_description":"","_tribe_ticket_show_not_going":false,"_tribe_ticket_use_global_stock":"","_tribe_ticket_global_stock_level":"","_global_stock_mode":"","_global_stock_cap":"","_tribe_rsvp_for_event":"","_tribe_ticket_going_count":"","_tribe_ticket_not_going_count":"","_tribe_tickets_list":"[]","_tribe_ticket_has_attendee_info_fields":false,"footnotes":"","_tec_slr_enabled":"","_tec_slr_layout":""},"dipi_cpt_category":[],"class_list":["post-264","page","type-page","status-publish","hentry"],"ticketed":false,"_links":{"self":[{"href":"https:\/\/www.fondationculturellebrebeuf.org\/index.php\/wp-json\/wp\/v2\/pages\/264","targetHints":{"allow":["GET"]}}],"collection":[{"href":"https:\/\/www.fondationculturellebrebeuf.org\/index.php\/wp-json\/wp\/v2\/pages"}],"about":[{"href":"https:\/\/www.fondationculturellebrebeuf.org\/index.php\/wp-json\/wp\/v2\/types\/page"}],"author":[{"embeddable":true,"href":"https:\/\/www.fondationculturellebrebeuf.org\/index.php\/wp-json\/wp\/v2\/users\/2"}],"replies":[{"embeddable":true,"href":"https:\/\/www.fondationculturellebrebeuf.org\/index.php\/wp-json\/wp\/v2\/comments?post=264"}],"version-history":[{"count":5,"href":"https:\/\/www.fondationculturellebrebeuf.org\/index.php\/wp-json\/wp\/v2\/pages\/264\/revisions"}],"predecessor-version":[{"id":297,"href":"https:\/\/www.fondationculturellebrebeuf.org\/index.php\/wp-json\/wp\/v2\/pages\/264\/revisions\/297"}],"wp:attachment":[{"href":"https:\/\/www.fondationculturellebrebeuf.org\/index.php\/wp-json\/wp\/v2\/media?parent=264"}],"wp:term":[{"taxonomy":"dipi_cpt_category","embeddable":true,"href":"https:\/\/www.fondationculturellebrebeuf.org\/index.php\/wp-json\/wp\/v2\/dipi_cpt_category?post=264"}],"curies":[{"name":"wp","href":"https:\/\/api.w.org\/{rel}","templated":true}]}}