{"id":1124,"date":"2024-08-17T19:27:53","date_gmt":"2024-08-17T23:27:53","guid":{"rendered":"https:\/\/www.fondationculturellebrebeuf.org\/?post_type=tribe_events&#038;p=1124"},"modified":"2024-10-09T11:11:26","modified_gmt":"2024-10-09T15:11:26","slug":"intelligence-artificielle-fais-moi-reflechir-pierre-majorique-leger","status":"publish","type":"tribe_events","link":"https:\/\/www.fondationculturellebrebeuf.org\/index.php\/event\/intelligence-artificielle-fais-moi-reflechir-pierre-majorique-leger\/","title":{"rendered":"INTELLIGENCE ARTIFICIELLE : \u00ab FAIS-MOI R\u00c9FL\u00c9CHIR \u00bb &#8211; Pierre-Majorique L\u00e9ger"},"content":{"rendered":"<p style=\"font-weight: 400;\">Cette conf\u00e9rence traite des cons\u00e9quences de l\u2019utilisation passive et automatique de l\u2019intelligence artificielle (IA) et des solutions pour pr\u00e9server l&rsquo;engagement cognitif des utilisateurs. Sur le point de bouleverser et de transformer la soci\u00e9t\u00e9 \u00e0 tous les niveaux, l&rsquo;IA doit de toute urgence \u00e9voluer de sa conception actuelle vers un paradigme \u00ab Fais-moi r\u00e9fl\u00e9chir \u00bb qui favorise la pens\u00e9e critique et le jugement personnel.<br \/>\nS&rsquo;appuyant sur les conclusions d&rsquo;un programme de recherche de deux ans, financ\u00e9 par IVADO, cette conf\u00e9rence pr\u00e9sentera les r\u00e9sultats exp\u00e9rimentaux de projets de recherche fascinants men\u00e9s au Tech3Lab de HEC Montr\u00e9al. Les r\u00e9sultats de ces projets mettent en lumi\u00e8re les effets de l&rsquo;utilisation passive et automatique de l&rsquo;IA, les cons\u00e9quences graves qui peuvent en d\u00e9couler et, surtout, les mesures \u00e0 prendre pour r\u00e9engager cognitivement les humains lors de l\u2019utilisation de technologies d\u2019IA.<\/p>\n<p><span style=\"font-weight: 400;\">Conf\u00e9rencier\u00a0: <strong>Pierre-Majorique L\u00e9ger<\/strong>, Ph.D., professeur titulaire \u00e0 HEC Montr\u00e9al<\/span><\/p>\n<p><strong>Co\u00fbt, sans abonnement : 10 $<\/strong><\/p>\n","protected":false},"excerpt":{"rendered":"<p>Cette conf\u00e9rence traite des cons\u00e9quences de l\u2019utilisation passive et automatique de l\u2019intelligence artificielle (IA) et des solutions pour pr\u00e9server l&rsquo;engagement cognitif des utilisateurs. Sur le point de bouleverser et de [&hellip;]<\/p>\n","protected":false},"author":5,"featured_media":0,"template":"","meta":{"_et_pb_use_builder":"","_et_pb_old_content":"","_et_gb_content_width":"","_price":"","_stock":"","_tribe_ticket_header":"","_tribe_default_ticket_provider":"","_ticket_start_date":"","_ticket_end_date":"","_tribe_ticket_show_description":"","_tribe_ticket_show_not_going":false,"_tribe_ticket_use_global_stock":"","_tribe_ticket_global_stock_level":"","_global_stock_mode":"","_global_stock_cap":"","_tribe_rsvp_for_event":"","_tribe_ticket_going_count":"","_tribe_ticket_not_going_count":"","_tribe_tickets_list":"[]","_tribe_ticket_has_attendee_info_fields":false,"_tribe_events_status":"","_tribe_events_status_reason":"","footnotes":"","_tec_slr_enabled":"","_tec_slr_layout":""},"tags":[],"tribe_events_cat":[9],"class_list":["post-1124","tribe_events","type-tribe_events","status-publish","hentry","tribe_events_cat-conference","cat_conference"],"ticketed":false,"_links":{"self":[{"href":"https:\/\/www.fondationculturellebrebeuf.org\/index.php\/wp-json\/wp\/v2\/tribe_events\/1124","targetHints":{"allow":["GET"]}}],"collection":[{"href":"https:\/\/www.fondationculturellebrebeuf.org\/index.php\/wp-json\/wp\/v2\/tribe_events"}],"about":[{"href":"https:\/\/www.fondationculturellebrebeuf.org\/index.php\/wp-json\/wp\/v2\/types\/tribe_events"}],"author":[{"embeddable":true,"href":"https:\/\/www.fondationculturellebrebeuf.org\/index.php\/wp-json\/wp\/v2\/users\/5"}],"version-history":[{"count":2,"href":"https:\/\/www.fondationculturellebrebeuf.org\/index.php\/wp-json\/wp\/v2\/tribe_events\/1124\/revisions"}],"predecessor-version":[{"id":1238,"href":"https:\/\/www.fondationculturellebrebeuf.org\/index.php\/wp-json\/wp\/v2\/tribe_events\/1124\/revisions\/1238"}],"wp:attachment":[{"href":"https:\/\/www.fondationculturellebrebeuf.org\/index.php\/wp-json\/wp\/v2\/media?parent=1124"}],"wp:term":[{"taxonomy":"post_tag","embeddable":true,"href":"https:\/\/www.fondationculturellebrebeuf.org\/index.php\/wp-json\/wp\/v2\/tags?post=1124"},{"taxonomy":"tribe_events_cat","embeddable":true,"href":"https:\/\/www.fondationculturellebrebeuf.org\/index.php\/wp-json\/wp\/v2\/tribe_events_cat?post=1124"}],"curies":[{"name":"wp","href":"https:\/\/api.w.org\/{rel}","templated":true}]}}