{"id":1753,"date":"2025-08-16T10:56:32","date_gmt":"2025-08-16T15:56:32","guid":{"rendered":"https:\/\/www.fondationculturellebrebeuf.org\/?post_type=tribe_events&#038;p=1753"},"modified":"2025-08-16T10:56:32","modified_gmt":"2025-08-16T15:56:32","slug":"a-lombre-de-rue-duplessis-les-dits-et-les-non-dits-des-recits-de-transfuges-de-classe","status":"publish","type":"tribe_events","link":"https:\/\/www.fondationculturellebrebeuf.org\/index.php\/event\/a-lombre-de-rue-duplessis-les-dits-et-les-non-dits-des-recits-de-transfuges-de-classe\/","title":{"rendered":"\u00c0 L\u2019OMBRE DE RUE DUPLESSIS : les dits et les non-dits des r\u00e9cits de transfuges de classe"},"content":{"rendered":"<p style=\"font-weight: 400;\"><img loading=\"lazy\" decoding=\"async\" class=\"wp-image-1904 alignright\" src=\"https:\/\/www.fondationculturellebrebeuf.org\/wp-content\/uploads\/2025\/08\/Image-2025-08-16-a-10.38-173x300.jpeg\" alt=\"\" width=\"81\" height=\"141\" srcset=\"https:\/\/www.fondationculturellebrebeuf.org\/wp-content\/uploads\/2025\/08\/Image-2025-08-16-a-10.38-173x300.jpeg 173w, https:\/\/www.fondationculturellebrebeuf.org\/wp-content\/uploads\/2025\/08\/Image-2025-08-16-a-10.38.jpeg 286w\" sizes=\"(max-width: 81px) 100vw, 81px\" \/><img loading=\"lazy\" decoding=\"async\" class=\"wp-image-1907 alignright\" src=\"https:\/\/www.fondationculturellebrebeuf.org\/wp-content\/uploads\/2025\/08\/Image-2025-08-16-a-10.47-186x300.jpeg\" alt=\"\" width=\"87\" height=\"141\" srcset=\"https:\/\/www.fondationculturellebrebeuf.org\/wp-content\/uploads\/2025\/08\/Image-2025-08-16-a-10.47-186x300.jpeg 186w, https:\/\/www.fondationculturellebrebeuf.org\/wp-content\/uploads\/2025\/08\/Image-2025-08-16-a-10.47.jpeg 250w\" sizes=\"(max-width: 87px) 100vw, 87px\" \/>Les r\u00e9cits de transfuges de classe constituent maintenant un genre litt\u00e9raire aux auteurs et autrices c\u00e9l\u00e8bres, une tradition de r\u00e9cits de soi confirm\u00e9e par le Nobel remis \u00e0 Annie Ernaux. Pourquoi ces r\u00e9cits sont-ils si populaires ces derni\u00e8res ann\u00e9es, notamment ceux de Caroline Dawson et de Jean-Philippe Pleau au Qu\u00e9bec?<br \/>\nOn se questionnera d\u2019abord sur la port\u00e9e du terme <strong><em>transfuge<\/em><\/strong>.<br \/>\nCes r\u00e9cits contribuent-ils \u00e0 saisir l\u2019existence des classes sociales et leurs diff\u00e9rences?<br \/>\nLaissent-ils dans l\u2019ombre l\u2019analyse de la mobilit\u00e9 sociale, une notion qui pourrait apporter un \u00e9clairage nouveau?<\/p>\n<p style=\"font-weight: 400;\">Les \u00e9l\u00e9ments de r\u00e9ponse \u00e0 ces questions permettront la discussion.<\/p>\n<p>&nbsp;<\/p>\n<p style=\"font-weight: 400;\">Conf\u00e9renci\u00e8re\u00a0: <strong>Claire Fortier<\/strong>, M.A. Sociologie, professeure retrait\u00e9e, autrice du livre <em>Des individus au c\u0153ur du social, <\/em>PUL 1997<\/p>\n<p><strong>Co\u00fbt, sans abonnement : 10 $<\/strong><\/p>\n","protected":false},"excerpt":{"rendered":"<p>Les r\u00e9cits de transfuges de classe constituent maintenant un genre litt\u00e9raire aux auteurs et autrices c\u00e9l\u00e8bres, une tradition de r\u00e9cits de soi confirm\u00e9e par le Nobel remis \u00e0 Annie Ernaux. [&hellip;]<\/p>\n","protected":false},"author":5,"featured_media":0,"template":"","meta":{"_et_pb_use_builder":"","_et_pb_old_content":"","_et_gb_content_width":"","_price":"","_stock":"","_tribe_ticket_header":"","_tribe_default_ticket_provider":"","_ticket_start_date":"","_ticket_end_date":"","_tribe_ticket_show_description":"","_tribe_ticket_show_not_going":false,"_tribe_ticket_use_global_stock":"","_tribe_ticket_global_stock_level":"","_global_stock_mode":"","_global_stock_cap":"","_tribe_rsvp_for_event":"","_tribe_ticket_going_count":"","_tribe_ticket_not_going_count":"","_tribe_tickets_list":"[]","_tribe_ticket_has_attendee_info_fields":false,"_tribe_events_status":"","_tribe_events_status_reason":"","footnotes":"","_tec_slr_enabled":"","_tec_slr_layout":""},"tags":[],"tribe_events_cat":[9],"class_list":["post-1753","tribe_events","type-tribe_events","status-publish","hentry","tribe_events_cat-conference","cat_conference"],"ticketed":false,"_links":{"self":[{"href":"https:\/\/www.fondationculturellebrebeuf.org\/index.php\/wp-json\/wp\/v2\/tribe_events\/1753","targetHints":{"allow":["GET"]}}],"collection":[{"href":"https:\/\/www.fondationculturellebrebeuf.org\/index.php\/wp-json\/wp\/v2\/tribe_events"}],"about":[{"href":"https:\/\/www.fondationculturellebrebeuf.org\/index.php\/wp-json\/wp\/v2\/types\/tribe_events"}],"author":[{"embeddable":true,"href":"https:\/\/www.fondationculturellebrebeuf.org\/index.php\/wp-json\/wp\/v2\/users\/5"}],"version-history":[{"count":4,"href":"https:\/\/www.fondationculturellebrebeuf.org\/index.php\/wp-json\/wp\/v2\/tribe_events\/1753\/revisions"}],"predecessor-version":[{"id":1909,"href":"https:\/\/www.fondationculturellebrebeuf.org\/index.php\/wp-json\/wp\/v2\/tribe_events\/1753\/revisions\/1909"}],"wp:attachment":[{"href":"https:\/\/www.fondationculturellebrebeuf.org\/index.php\/wp-json\/wp\/v2\/media?parent=1753"}],"wp:term":[{"taxonomy":"post_tag","embeddable":true,"href":"https:\/\/www.fondationculturellebrebeuf.org\/index.php\/wp-json\/wp\/v2\/tags?post=1753"},{"taxonomy":"tribe_events_cat","embeddable":true,"href":"https:\/\/www.fondationculturellebrebeuf.org\/index.php\/wp-json\/wp\/v2\/tribe_events_cat?post=1753"}],"curies":[{"name":"wp","href":"https:\/\/api.w.org\/{rel}","templated":true}]}}