{"id":1755,"date":"2025-08-16T10:48:09","date_gmt":"2025-08-16T15:48:09","guid":{"rendered":"https:\/\/www.fondationculturellebrebeuf.org\/?post_type=tribe_events&#038;p=1755"},"modified":"2025-08-16T10:54:38","modified_gmt":"2025-08-16T15:54:38","slug":"un-mouvement-lart-deco-un-lieu-emblematique-le-9e","status":"publish","type":"tribe_events","link":"https:\/\/www.fondationculturellebrebeuf.org\/index.php\/event\/un-mouvement-lart-deco-un-lieu-emblematique-le-9e\/","title":{"rendered":"UN MOUVEMENT : L\u2019ART D\u00c9CO, UN LIEU EMBL\u00c9MATIQUE : LE 9e"},"content":{"rendered":"<div id=\"attachment_1734\" style=\"width: 247px\" class=\"wp-caption alignright\"><img loading=\"lazy\" decoding=\"async\" aria-describedby=\"caption-attachment-1734\" class=\" wp-image-1734\" src=\"https:\/\/www.fondationculturellebrebeuf.org\/wp-content\/uploads\/2025\/08\/9e-salle-cover-joe-alvoeiro-scaled2-300x200.jpg\" alt=\"\" width=\"237\" height=\"158\" \/><p id=\"caption-attachment-1734\" class=\"wp-caption-text\">9e-salle. Photo de Joe Alvoeiro<\/p><\/div>\n<p style=\"font-weight: 400;\">L\u2019ann\u00e9e 2025 marque le centi\u00e8me anniversaire du mouvement Art d\u00e9co, et Montr\u00e9al peut s\u2019enorgueillir de poss\u00e9der un des int\u00e9rieurs les plus r\u00e9ussis de ce style en Am\u00e9rique du Nord : le restaurant que des milliers de Qu\u00e9b\u00e9cois\u00b7es ont fr\u00e9quent\u00e9 au <strong>9<sup>e<\/sup> \u00e9tage du magasin Eaton<\/strong> de la rue Sainte-Catherine, ouvert en 1931. La faillite de la compagnie en 1999 a sign\u00e9 la fin des op\u00e9rations du 9<sup>e<\/sup>. Mais sa r\u00e9ouverture en 2024, apr\u00e8s une campagne de r\u00e9novation exemplaire, nous permet de red\u00e9couvrir ce chef-d\u2019\u0153uvre et de nous pencher sur l\u2019histoire du mouvement dont il est issu dans la s\u00e9rie <strong><em>UN B\u00c2TIMENT, C\u2019EST TOUTE UNE HISTOIRE<\/em><\/strong>. Comme d\u2019habitude, nous prenons un b\u00e2timent significatif pour comprendre le contexte social, technologique et artistique de l\u2019\u00e9poque qui l\u2019a produit\u00a0: ce lieu, symbole de luxe et de prosp\u00e9rit\u00e9, propose une image r\u00e9solument optimiste, caract\u00e9ristique des Ann\u00e9es folles et de la soci\u00e9t\u00e9 de consommation qui prend son essor. On peut se mettre dans l\u2019ambiance en visionnant, gratuitement sur le site de l\u2019ONF, <a href=\"https:\/\/www.onf.ca\/film\/les-dames-du-9e\/\">le film <em>Les Dames du 9<sup>e<\/sup><\/em>\u00a0<\/a> r\u00e9alis\u00e9 par Catherine Martin en 1998.<\/p>\n<p style=\"font-weight: 400;\">Conf\u00e9rencier\u00a0: <strong>Jean-Claude Dufresne<\/strong>, dipl\u00f4m\u00e9 en architecture, professeur retrait\u00e9<\/p>\n<p><strong>Co\u00fbt, sans abonnement : 10 $<\/strong><\/p>\n<p style=\"font-weight: 400;\"><strong>N.B.\u00a0<\/strong>: Il y aura possibilit\u00e9 d&rsquo;une visite et d&rsquo;un <strong>d\u00eener au 9<sup>e<\/sup><\/strong> le 30 septembre. Veuillez consulter la page du calendrier \u00e0 cet effet.<\/p>\n","protected":false},"excerpt":{"rendered":"<p>L\u2019ann\u00e9e 2025 marque le centi\u00e8me anniversaire du mouvement Art d\u00e9co, et Montr\u00e9al peut s\u2019enorgueillir de poss\u00e9der un des int\u00e9rieurs les plus r\u00e9ussis de ce style en Am\u00e9rique du Nord : [&hellip;]<\/p>\n","protected":false},"author":5,"featured_media":0,"template":"","meta":{"_et_pb_use_builder":"","_et_pb_old_content":"","_et_gb_content_width":"","_price":"","_stock":"","_tribe_ticket_header":"","_tribe_default_ticket_provider":"","_ticket_start_date":"","_ticket_end_date":"","_tribe_ticket_show_description":"","_tribe_ticket_show_not_going":false,"_tribe_ticket_use_global_stock":"","_tribe_ticket_global_stock_level":"","_global_stock_mode":"","_global_stock_cap":"","_tribe_rsvp_for_event":"","_tribe_ticket_going_count":"","_tribe_ticket_not_going_count":"","_tribe_tickets_list":"[]","_tribe_ticket_has_attendee_info_fields":false,"_tribe_events_status":"","_tribe_events_status_reason":"","footnotes":"","_tec_slr_enabled":"","_tec_slr_layout":""},"tags":[],"tribe_events_cat":[9],"class_list":["post-1755","tribe_events","type-tribe_events","status-publish","hentry","tribe_events_cat-conference","cat_conference"],"ticketed":false,"_links":{"self":[{"href":"https:\/\/www.fondationculturellebrebeuf.org\/index.php\/wp-json\/wp\/v2\/tribe_events\/1755","targetHints":{"allow":["GET"]}}],"collection":[{"href":"https:\/\/www.fondationculturellebrebeuf.org\/index.php\/wp-json\/wp\/v2\/tribe_events"}],"about":[{"href":"https:\/\/www.fondationculturellebrebeuf.org\/index.php\/wp-json\/wp\/v2\/types\/tribe_events"}],"author":[{"embeddable":true,"href":"https:\/\/www.fondationculturellebrebeuf.org\/index.php\/wp-json\/wp\/v2\/users\/5"}],"version-history":[{"count":8,"href":"https:\/\/www.fondationculturellebrebeuf.org\/index.php\/wp-json\/wp\/v2\/tribe_events\/1755\/revisions"}],"predecessor-version":[{"id":1929,"href":"https:\/\/www.fondationculturellebrebeuf.org\/index.php\/wp-json\/wp\/v2\/tribe_events\/1755\/revisions\/1929"}],"wp:attachment":[{"href":"https:\/\/www.fondationculturellebrebeuf.org\/index.php\/wp-json\/wp\/v2\/media?parent=1755"}],"wp:term":[{"taxonomy":"post_tag","embeddable":true,"href":"https:\/\/www.fondationculturellebrebeuf.org\/index.php\/wp-json\/wp\/v2\/tags?post=1755"},{"taxonomy":"tribe_events_cat","embeddable":true,"href":"https:\/\/www.fondationculturellebrebeuf.org\/index.php\/wp-json\/wp\/v2\/tribe_events_cat?post=1755"}],"curies":[{"name":"wp","href":"https:\/\/api.w.org\/{rel}","templated":true}]}}