{"id":1762,"date":"2025-08-16T10:46:42","date_gmt":"2025-08-16T15:46:42","guid":{"rendered":"https:\/\/www.fondationculturellebrebeuf.org\/?post_type=tribe_events&#038;p=1762"},"modified":"2025-08-16T10:46:42","modified_gmt":"2025-08-16T15:46:42","slug":"mathematique-et-poesie-une-parente","status":"publish","type":"tribe_events","link":"https:\/\/www.fondationculturellebrebeuf.org\/index.php\/event\/mathematique-et-poesie-une-parente\/","title":{"rendered":"MATH\u00c9MATIQUE ET PO\u00c9SIE : UNE PARENT\u00c9?"},"content":{"rendered":"<p style=\"font-weight: 400;\">Un professeur de math\u00e9matique \u00e0 la retraite et un fils po\u00e8te, professeur de fran\u00e7ais, s\u2019interrogent sur les points communs de leur pratique. De prime abord, math\u00e9matique et po\u00e9sie se posent comme deux activit\u00e9s tr\u00e8s diff\u00e9rentes, pour ne pas dire oppos\u00e9es.\u00a0 Pourtant, \u00e0 l\u2019origine, avant m\u00eame l\u2019Antiquit\u00e9, math\u00e9matique et po\u00e9sie partageaient le m\u00eame dessein\u00a0: appr\u00e9hender le monde qui nous entoure, exprimer sa complexit\u00e9 dans des termes simples et concis suscitant la coh\u00e9sion sociale dans le commerce et les croyances. Qu\u2019en est-il aujourd\u2019hui?<\/p>\n<p style=\"font-weight: 400;\">Un franc dialogue entre ces deux professeurs, soutenu par des exemples simples, aidera peut-\u00eatre \u00e0 d\u00e9couvrir, c\u2019est-\u00e0-dire \u00e0 \u00ab <em>voir autrement\u00a0\u00bb<\/em>, math\u00e9matique et po\u00e9sie.<\/p>\n<p style=\"font-weight: 400;\">Conf\u00e9renciers\u00a0: <strong>Vincent Papillon<\/strong> et <strong>Antoine Boisclair<\/strong>, du coll\u00e8ge Br\u00e9beuf<\/p>\n<p><strong>Co\u00fbt, sans abonnement : 10 $<\/strong><\/p>\n","protected":false},"excerpt":{"rendered":"<p>Un professeur de math\u00e9matique \u00e0 la retraite et un fils po\u00e8te, professeur de fran\u00e7ais, s\u2019interrogent sur les points communs de leur pratique. De prime abord, math\u00e9matique et po\u00e9sie se posent [&hellip;]<\/p>\n","protected":false},"author":5,"featured_media":0,"template":"","meta":{"_et_pb_use_builder":"","_et_pb_old_content":"","_et_gb_content_width":"","_price":"","_stock":"","_tribe_ticket_header":"","_tribe_default_ticket_provider":"","_ticket_start_date":"","_ticket_end_date":"","_tribe_ticket_show_description":"","_tribe_ticket_show_not_going":false,"_tribe_ticket_use_global_stock":"","_tribe_ticket_global_stock_level":"","_global_stock_mode":"","_global_stock_cap":"","_tribe_rsvp_for_event":"","_tribe_ticket_going_count":"","_tribe_ticket_not_going_count":"","_tribe_tickets_list":"[]","_tribe_ticket_has_attendee_info_fields":false,"_tribe_events_status":"","_tribe_events_status_reason":"","footnotes":"","_tec_slr_enabled":"","_tec_slr_layout":""},"tags":[],"tribe_events_cat":[9],"class_list":["post-1762","tribe_events","type-tribe_events","status-publish","hentry","tribe_events_cat-conference","cat_conference"],"ticketed":false,"_links":{"self":[{"href":"https:\/\/www.fondationculturellebrebeuf.org\/index.php\/wp-json\/wp\/v2\/tribe_events\/1762","targetHints":{"allow":["GET"]}}],"collection":[{"href":"https:\/\/www.fondationculturellebrebeuf.org\/index.php\/wp-json\/wp\/v2\/tribe_events"}],"about":[{"href":"https:\/\/www.fondationculturellebrebeuf.org\/index.php\/wp-json\/wp\/v2\/types\/tribe_events"}],"author":[{"embeddable":true,"href":"https:\/\/www.fondationculturellebrebeuf.org\/index.php\/wp-json\/wp\/v2\/users\/5"}],"version-history":[{"count":2,"href":"https:\/\/www.fondationculturellebrebeuf.org\/index.php\/wp-json\/wp\/v2\/tribe_events\/1762\/revisions"}],"predecessor-version":[{"id":1764,"href":"https:\/\/www.fondationculturellebrebeuf.org\/index.php\/wp-json\/wp\/v2\/tribe_events\/1762\/revisions\/1764"}],"wp:attachment":[{"href":"https:\/\/www.fondationculturellebrebeuf.org\/index.php\/wp-json\/wp\/v2\/media?parent=1762"}],"wp:term":[{"taxonomy":"post_tag","embeddable":true,"href":"https:\/\/www.fondationculturellebrebeuf.org\/index.php\/wp-json\/wp\/v2\/tags?post=1762"},{"taxonomy":"tribe_events_cat","embeddable":true,"href":"https:\/\/www.fondationculturellebrebeuf.org\/index.php\/wp-json\/wp\/v2\/tribe_events_cat?post=1762"}],"curies":[{"name":"wp","href":"https:\/\/api.w.org\/{rel}","templated":true}]}}