{"id":1838,"date":"2025-08-16T10:40:20","date_gmt":"2025-08-16T15:40:20","guid":{"rendered":"https:\/\/www.fondationculturellebrebeuf.org\/?post_type=tribe_events&#038;p=1838"},"modified":"2025-10-16T13:23:32","modified_gmt":"2025-10-16T18:23:32","slug":"conference-publique-du-college-arline-aude-berube-neurologue","status":"publish","type":"tribe_events","link":"https:\/\/www.fondationculturellebrebeuf.org\/index.php\/event\/conference-publique-du-college-arline-aude-berube-neurologue\/","title":{"rendered":"Conf\u00e9rence publique du coll\u00e8ge &#8211; Arline-Aude B\u00e9rub\u00e9, neurologue"},"content":{"rendered":"<p style=\"font-weight: 400;\"><strong>Organis\u00e9 dans le cadre des <em>Grandes Conf\u00e9rences Br\u00e9beuf<\/em>, cet \u00e9v\u00e8nement public du coll\u00e8ge est ouvert \u00e0 toutes et tous. Il se tiendra <\/strong><strong>\u00e0 la salle Jacques-Maurice <\/strong><strong>le mercredi, 29 octobre de 12 h 50 \u00e0 14 h 15.<\/strong><\/p>\n<div>Notre conf\u00e9renci\u00e8re, Dre Arline-Aude B\u00e9rub\u00e9, est neurologue, Fellow du Coll\u00e8ge royal des m\u00e9decins du Canada, Pr\u00e9sidente du Comit\u00e9 ex\u00e9cutif du Conseil des m\u00e9decins, dentistes et pharmaciens du CHUM, professeur adjoint de clinique au CHUM et membre d&rsquo;une \u00e9quipe de recherche clinique en m\u00e9tacognition. Elle enseigne au baccalaur\u00e9at en neurosciences \u00e0 l&rsquo;UdeM, notamment dans le domaine de la m\u00e9moire et l&rsquo;apprentissage et celui de la neurobiologie des d\u00e9sordres psychiatriques. Elle est d\u00e9tentrice, depuis 2023, d&rsquo;une <a id=\"OWAf4fae30c-6751-328d-b340-4aee3fefc688\" class=\"x_OWAAutoLink\" title=\"https:\/\/actualites.uqam.ca\/2024\/les-sciences-cognitives-pour-mieux-soigner\/\" href=\"https:\/\/actualites.uqam.ca\/2024\/les-sciences-cognitives-pour-mieux-soigner\/\" data-auth=\"NotApplicable\">ma\u00eetrise en philosophie des sciences cognitives<\/a>\u00a0de l&rsquo;Universit\u00e9 du Qu\u00e9bec \u00e0 Montr\u00e9al.<\/div>\n<div><\/div>\n<div><img loading=\"lazy\" decoding=\"async\" class=\"size-medium wp-image-2032 alignleft\" src=\"https:\/\/www.fondationculturellebrebeuf.org\/wp-content\/uploads\/2025\/10\/Affiche-conference-Arline-Aude-Berube-IG-300x300.png\" alt=\"\" width=\"300\" height=\"300\" \/><\/div>\n<div><\/div>\n<div>Notre invit\u00e9e est une sp\u00e9cialiste reconnue du Trouble neurologique fonctionnel (TNF), concept m\u00e9dical d\u00e9signant la pr\u00e9sence de sympt\u00f4mes physiques chez des patient\u00b7e\u00b7s (ex. paralysies, difficult\u00e9s motrices ou langagi\u00e8res, douleurs chroniques, maux de t\u00eates,\u00a0etc.) sans qu&rsquo;il n&rsquo;y ait chez elles et eux de maladie ou d&rsquo;anomalie physiologique sous-jacente. Or, c&rsquo;est notamment gr\u00e2ce \u00e0 ses travaux de recherche en philosophie qu&rsquo;elle a pu d\u00e9velopper une nouvelle approche pour le traitement des personnes souffrant de\u00a0TNF. Il s&rsquo;agit d&rsquo;un exemple frappant et concret d&rsquo;une situation o\u00f9 la discipline philosophique a contribu\u00e9 d&rsquo;une mani\u00e8re fondamentale \u00e0 transformer une pratique de soin bien r\u00e9elle et ce, avec des r\u00e9sultats tout \u00e0 fait impressionnants.<\/div>\n<div><\/div>\n<div>\n<p>&nbsp;<\/p>\n<p>Dans sa conf\u00e9rence <strong><i>Soigner avec philosophie : des th\u00e9ories qui sauvent des vies<\/i><\/strong>, Dre B\u00e9rub\u00e9 nous expliquera comment son engagement philosophique a pu <a id=\"OWA3cfedbaf-67dd-1f94-ed9f-2ea31cbe2494\" class=\"x_x_OWAAutoLink\" title=\"https:\/\/actualites.uqam.ca\/2024\/les-sciences-cognitives-pour-mieux-soigner\/\" href=\"https:\/\/actualites.uqam.ca\/2024\/les-sciences-cognitives-pour-mieux-soigner\/\" data-auth=\"NotApplicable\" data-linkindex=\"3\">r\u00e9orienter la pratique de <\/a><a id=\"OWA61270dc8-567b-2c76-4c38-0a173e3d1a28\" class=\"x_OWAAutoLink\" title=\"https:\/\/ici.radio-canada.ca\/nouvelle\/2113390\/trouble-neurologique-fonctionnel-cerveau-programme-chum\" href=\"https:\/\/ici.radio-canada.ca\/nouvelle\/2113390\/trouble-neurologique-fonctionnel-cerveau-programme-chum\" data-auth=\"NotApplicable\">la clinique TNF du CHUM<\/a>. Elle abordera diff\u00e9rentes questions philosophiques de la m\u00e9decine et de la psychiatrie suscit\u00e9es par des situations rencontr\u00e9es dans sa pratique de la neurologie. La d\u00e9finition des concepts de sant\u00e9, de maladie physique et de troubles mentaux sera \u00e9labor\u00e9e. Puis, diff\u00e9rents mod\u00e8les th\u00e9oriques de la cognition seront discut\u00e9s, notamment un mod\u00e8le computationnel m\u00e9caniste et un mod\u00e8le \u00e9nactiviste. Leurs avantages et inconv\u00e9nients seront compar\u00e9s aux mod\u00e8les dualistes qui sous-tendent actuellement la pratique m\u00e9dicale, c&rsquo;est-\u00e0-dire les mod\u00e8les neurobiologiques et psychologiques. Dre B\u00e9rub\u00e9 illustrera ainsi comment un changement de paradigme en neurologie a le potentiel de modifier la pr\u00e9valence et le pronostic de certaines conditions m\u00e9dicales.<\/p>\n<\/div>\n","protected":false},"excerpt":{"rendered":"<p>Organis\u00e9 dans le cadre des Grandes Conf\u00e9rences Br\u00e9beuf, cet \u00e9v\u00e8nement public du coll\u00e8ge est ouvert \u00e0 toutes et tous. Il se tiendra \u00e0 la salle Jacques-Maurice le mercredi, 29 octobre [&hellip;]<\/p>\n","protected":false},"author":5,"featured_media":0,"template":"","meta":{"_et_pb_use_builder":"","_et_pb_old_content":"","_et_gb_content_width":"","_price":"","_stock":"","_tribe_ticket_header":"","_tribe_default_ticket_provider":"","_ticket_start_date":"","_ticket_end_date":"","_tribe_ticket_show_description":"","_tribe_ticket_show_not_going":false,"_tribe_ticket_use_global_stock":"","_tribe_ticket_global_stock_level":"","_global_stock_mode":"","_global_stock_cap":"","_tribe_rsvp_for_event":"","_tribe_ticket_going_count":"","_tribe_ticket_not_going_count":"","_tribe_tickets_list":"[]","_tribe_ticket_has_attendee_info_fields":false,"_tribe_events_status":"","_tribe_events_status_reason":"","footnotes":"","_tec_slr_enabled":"","_tec_slr_layout":""},"tags":[],"tribe_events_cat":[9],"class_list":["post-1838","tribe_events","type-tribe_events","status-publish","hentry","tribe_events_cat-conference","cat_conference"],"ticketed":false,"_links":{"self":[{"href":"https:\/\/www.fondationculturellebrebeuf.org\/index.php\/wp-json\/wp\/v2\/tribe_events\/1838","targetHints":{"allow":["GET"]}}],"collection":[{"href":"https:\/\/www.fondationculturellebrebeuf.org\/index.php\/wp-json\/wp\/v2\/tribe_events"}],"about":[{"href":"https:\/\/www.fondationculturellebrebeuf.org\/index.php\/wp-json\/wp\/v2\/types\/tribe_events"}],"author":[{"embeddable":true,"href":"https:\/\/www.fondationculturellebrebeuf.org\/index.php\/wp-json\/wp\/v2\/users\/5"}],"version-history":[{"count":6,"href":"https:\/\/www.fondationculturellebrebeuf.org\/index.php\/wp-json\/wp\/v2\/tribe_events\/1838\/revisions"}],"predecessor-version":[{"id":2034,"href":"https:\/\/www.fondationculturellebrebeuf.org\/index.php\/wp-json\/wp\/v2\/tribe_events\/1838\/revisions\/2034"}],"wp:attachment":[{"href":"https:\/\/www.fondationculturellebrebeuf.org\/index.php\/wp-json\/wp\/v2\/media?parent=1838"}],"wp:term":[{"taxonomy":"post_tag","embeddable":true,"href":"https:\/\/www.fondationculturellebrebeuf.org\/index.php\/wp-json\/wp\/v2\/tags?post=1838"},{"taxonomy":"tribe_events_cat","embeddable":true,"href":"https:\/\/www.fondationculturellebrebeuf.org\/index.php\/wp-json\/wp\/v2\/tribe_events_cat?post=1838"}],"curies":[{"name":"wp","href":"https:\/\/api.w.org\/{rel}","templated":true}]}}