{"id":1894,"date":"2025-08-16T10:43:43","date_gmt":"2025-08-16T15:43:43","guid":{"rendered":"https:\/\/www.fondationculturellebrebeuf.org\/?post_type=tribe_events&#038;p=1894"},"modified":"2025-09-19T09:30:33","modified_gmt":"2025-09-19T14:30:33","slug":"cine-club-3","status":"publish","type":"tribe_events","link":"https:\/\/www.fondationculturellebrebeuf.org\/index.php\/event\/cine-club-3\/","title":{"rendered":"CIN\u00c9-CLUB"},"content":{"rendered":"<p style=\"font-weight: 400;\"><b>Quatre rencontres<\/b><b>\u00a0d\u2019analyse<\/b> et de discussion \u00e0<b> l&rsquo;espace<\/b><b>\u00a0bar<\/b>\u00a0(situ\u00e9 au 1er \u00e9tage) du <b>Cin\u00e9ma du Quartier Latin<\/b>. Chaque r\u00e9union est pr\u00e9c\u00e9d\u00e9e du visionnement du film en d\u00e9but d\u2019apr\u00e8s-midi au Cin\u00e9ma du Quartier Latin.<\/p>\n<p style=\"font-weight: 400;\">Projections et r\u00e9unions se tiendront les <strong>mardis 23 septembre, 14 octobre, 11 novembre et 25 novembre. <\/strong>Les r\u00e9unions seront aussi retransmises sur Zoom.<strong><br \/>\n<\/strong>N. B.\u00a0: Les films s\u00e9lectionn\u00e9s sont sujets \u00e0 des changements, car les dates de sorties annonc\u00e9es ne sont pas toujours respect\u00e9es par les cin\u00e9mas.<\/p>\n<p style=\"font-weight: 400;\"><img loading=\"lazy\" decoding=\"async\" class=\"wp-image-1882 alignleft\" src=\"https:\/\/www.fondationculturellebrebeuf.org\/wp-content\/uploads\/2025\/08\/Capture-decran-le-2025-08-16-a-09.50.15-219x300.png\" alt=\"\" width=\"78\" height=\"107\" srcset=\"https:\/\/www.fondationculturellebrebeuf.org\/wp-content\/uploads\/2025\/08\/Capture-decran-le-2025-08-16-a-09.50.15-219x300.png 219w, https:\/\/www.fondationculturellebrebeuf.org\/wp-content\/uploads\/2025\/08\/Capture-decran-le-2025-08-16-a-09.50.15.png 476w\" sizes=\"(max-width: 78px) 100vw, 78px\" \/>Le premier film analys\u00e9, <strong><em>La Venue de l\u2019avenir<\/em><\/strong><em>, <\/em>mettant en vedette Vincent Macaigne et Suzanne Lindon, est le plus r\u00e9cent film de C\u00e9dric Klapisch. Rapproch\u00e9s par l\u2019h\u00e9ritage d\u2019une maison abandonn\u00e9e, quatre cousins \u00e9loign\u00e9s se r\u00e9approprient l&rsquo;histoire d&rsquo;une de leurs anc\u00eatres et imaginent des sc\u00e8nes de la fin du XIX<sup>e<\/sup> si\u00e8cle. (Date de sortie\u00a0: 5 septembre)<\/p>\n<p style=\"font-weight: 400;\"><img loading=\"lazy\" decoding=\"async\" class=\"wp-image-1883 alignleft\" src=\"https:\/\/www.fondationculturellebrebeuf.org\/wp-content\/uploads\/2025\/08\/Capture-decran-le-2025-08-16-a-09.58.00-231x300.png\" alt=\"\" width=\"79\" height=\"103\" srcset=\"https:\/\/www.fondationculturellebrebeuf.org\/wp-content\/uploads\/2025\/08\/Capture-decran-le-2025-08-16-a-09.58.00-231x300.png 231w, https:\/\/www.fondationculturellebrebeuf.org\/wp-content\/uploads\/2025\/08\/Capture-decran-le-2025-08-16-a-09.58.00-400x516.png 400w, https:\/\/www.fondationculturellebrebeuf.org\/wp-content\/uploads\/2025\/08\/Capture-decran-le-2025-08-16-a-09.58.00.png 422w\" sizes=\"(max-width: 79px) 100vw, 79px\" \/>La deuxi\u00e8me rencontre portera sur le thriller <strong><em>Une bataille apr\u00e8s l\u2019autre<\/em><\/strong> de Paul Thomas Anderson, l\u2019un des cin\u00e9astes am\u00e9ricains les plus influents de sa g\u00e9n\u00e9ration. Leonardo DiCaprio, Sean Penn et Benicio Del Toro interpr\u00e8tent d&rsquo;anciens r\u00e9volutionnaires qui refont \u00e9quipe quand la fille de l&rsquo;un d&rsquo;eux tombe aux mains de leur vieil ennemi. (Date de sortie : 26 septembre)<\/p>\n<p style=\"font-weight: 400;\"><img loading=\"lazy\" decoding=\"async\" class=\"wp-image-1884 alignleft\" src=\"https:\/\/www.fondationculturellebrebeuf.org\/wp-content\/uploads\/2025\/08\/Capture-decran-le-2025-08-16-a-09.57.31-238x300.png\" alt=\"\" width=\"78\" height=\"98\" srcset=\"https:\/\/www.fondationculturellebrebeuf.org\/wp-content\/uploads\/2025\/08\/Capture-decran-le-2025-08-16-a-09.57.31-238x300.png 238w, https:\/\/www.fondationculturellebrebeuf.org\/wp-content\/uploads\/2025\/08\/Capture-decran-le-2025-08-16-a-09.57.31.png 442w\" sizes=\"(max-width: 78px) 100vw, 78px\" \/>La troisi\u00e8me rencontre sera consacr\u00e9e au nouveau film de L\u00e9a Pool, <strong><em>On sera heureux<\/em>.<\/strong> Maxime Landry, Mehdi Meskar et C\u00e9line Bonnier y interpr\u00e8tent un sc\u00e9nario original de Michel Marc Bouchard\u00a0: un clandestin marocain s\u00e9duit un fonctionnaire du minist\u00e8re de l&rsquo;immigration pour \u00e9viter la d\u00e9portation de son amant iranien. \u00a0(Date de sortie : 7 novembre)<\/p>\n<p style=\"font-weight: 400;\"><img loading=\"lazy\" decoding=\"async\" class=\"wp-image-1885 alignleft\" src=\"https:\/\/www.fondationculturellebrebeuf.org\/wp-content\/uploads\/2025\/08\/Capture-decran-le-2025-08-16-a-09.58.31-229x300.png\" alt=\"\" width=\"79\" height=\"104\" srcset=\"https:\/\/www.fondationculturellebrebeuf.org\/wp-content\/uploads\/2025\/08\/Capture-decran-le-2025-08-16-a-09.58.31-229x300.png 229w, https:\/\/www.fondationculturellebrebeuf.org\/wp-content\/uploads\/2025\/08\/Capture-decran-le-2025-08-16-a-09.58.31.png 454w\" sizes=\"(max-width: 79px) 100vw, 79px\" \/>La quatri\u00e8me rencontre portera sur <strong>Trois amies<\/strong> du r\u00e9alisateur fran\u00e7ais Emmanuel Mouret. Dans ses films intimistes, \u00e0 la mani\u00e8re de Rohmer, les dialogues sur les sentiments amoureux occupent une place centrale. Camille Cottin, Sara Forestier et Damien Bonnard interpr\u00e8tent trois amies boulevers\u00e9es par la disparition soudaine d&rsquo;un de leurs compagnons. (Date de sortie\u00a0: 21 novembre)<\/p>\n<p style=\"font-weight: 400;\">Animateur\u00a0: <strong>Jean St-Amant<\/strong>, biblioth\u00e9caire retrait\u00e9, cin\u00e9phile<\/p>\n<p style=\"font-weight: 400;\"><strong>Co\u00fbt : 30 $ pour les personnes abonn\u00e9es<\/strong> (40 $ sans abonnement); le co\u00fbt des billets de cin\u00e9ma n\u2019est pas inclus.<\/p>\n<p>&nbsp;<\/p>\n","protected":false},"excerpt":{"rendered":"<p>Quatre rencontres\u00a0d\u2019analyse et de discussion \u00e0 l&rsquo;espace\u00a0bar\u00a0(situ\u00e9 au 1er \u00e9tage) du Cin\u00e9ma du Quartier Latin. Chaque r\u00e9union est pr\u00e9c\u00e9d\u00e9e du visionnement du film en d\u00e9but d\u2019apr\u00e8s-midi au Cin\u00e9ma du Quartier [&hellip;]<\/p>\n","protected":false},"author":5,"featured_media":0,"template":"","meta":{"_et_pb_use_builder":"","_et_pb_old_content":"","_et_gb_content_width":"","_price":"","_stock":"","_tribe_ticket_header":"","_tribe_default_ticket_provider":"","_ticket_start_date":"","_ticket_end_date":"","_tribe_ticket_show_description":"","_tribe_ticket_show_not_going":false,"_tribe_ticket_use_global_stock":"","_tribe_ticket_global_stock_level":"","_global_stock_mode":"","_global_stock_cap":"","_tribe_rsvp_for_event":"","_tribe_ticket_going_count":"","_tribe_ticket_not_going_count":"","_tribe_tickets_list":"[]","_tribe_ticket_has_attendee_info_fields":false,"_tribe_events_status":"","_tribe_events_status_reason":"","footnotes":"","_tec_slr_enabled":"","_tec_slr_layout":""},"tags":[],"tribe_events_cat":[12],"class_list":["post-1894","tribe_events","type-tribe_events","status-publish","hentry","tribe_events_cat-cinema","cat_cinema"],"ticketed":false,"_links":{"self":[{"href":"https:\/\/www.fondationculturellebrebeuf.org\/index.php\/wp-json\/wp\/v2\/tribe_events\/1894","targetHints":{"allow":["GET"]}}],"collection":[{"href":"https:\/\/www.fondationculturellebrebeuf.org\/index.php\/wp-json\/wp\/v2\/tribe_events"}],"about":[{"href":"https:\/\/www.fondationculturellebrebeuf.org\/index.php\/wp-json\/wp\/v2\/types\/tribe_events"}],"author":[{"embeddable":true,"href":"https:\/\/www.fondationculturellebrebeuf.org\/index.php\/wp-json\/wp\/v2\/users\/5"}],"version-history":[{"count":3,"href":"https:\/\/www.fondationculturellebrebeuf.org\/index.php\/wp-json\/wp\/v2\/tribe_events\/1894\/revisions"}],"predecessor-version":[{"id":1978,"href":"https:\/\/www.fondationculturellebrebeuf.org\/index.php\/wp-json\/wp\/v2\/tribe_events\/1894\/revisions\/1978"}],"wp:attachment":[{"href":"https:\/\/www.fondationculturellebrebeuf.org\/index.php\/wp-json\/wp\/v2\/media?parent=1894"}],"wp:term":[{"taxonomy":"post_tag","embeddable":true,"href":"https:\/\/www.fondationculturellebrebeuf.org\/index.php\/wp-json\/wp\/v2\/tags?post=1894"},{"taxonomy":"tribe_events_cat","embeddable":true,"href":"https:\/\/www.fondationculturellebrebeuf.org\/index.php\/wp-json\/wp\/v2\/tribe_events_cat?post=1894"}],"curies":[{"name":"wp","href":"https:\/\/api.w.org\/{rel}","templated":true}]}}