{"id":1918,"date":"2025-08-16T10:43:16","date_gmt":"2025-08-16T15:43:16","guid":{"rendered":"https:\/\/www.fondationculturellebrebeuf.org\/?post_type=tribe_events&#038;p=1918"},"modified":"2025-08-16T10:43:16","modified_gmt":"2025-08-16T15:43:16","slug":"les-mythes-grecs-donnent-a-penser-2","status":"publish","type":"tribe_events","link":"https:\/\/www.fondationculturellebrebeuf.org\/index.php\/event\/les-mythes-grecs-donnent-a-penser-2\/","title":{"rendered":"LES MYTHES GRECS DONNENT \u00c0 PENSER"},"content":{"rendered":"<p style=\"font-weight: 400;\">Les mercredis <strong>1, 8, 15 et 22 octobre<\/strong>, de 12 h 30 \u00e0 14 h 20<br \/>\n<strong>en ligne via Zoom et en personne au local G1.133<\/strong><\/p>\n<p style=\"font-weight: 400;\">Cette s\u00e9rie de cours aborde <strong>quatre grands cycles mythiques<\/strong> :<\/p>\n<ol>\n<li style=\"font-weight: 400;\">Les diff\u00e9rentes versions du mythe de Prom\u00e9th\u00e9e;<\/li>\n<li style=\"font-weight: 400;\">Le mythe d\u2019\u0152dipe et Antigone;<\/li>\n<li style=\"font-weight: 400;\">L\u2019exp\u00e9dition des Argonautes, avec une insistance sur le r\u00f4le de M\u00e9d\u00e9e;<\/li>\n<li style=\"font-weight: 400;\">Le mythe de Dionysos et les mythes orphiques.<\/li>\n<\/ol>\n<p style=\"font-weight: 400;\">L\u2019intention n\u2019est pas de seulement raconter des anecdotes savoureuses, mais surtout de faire ressortir ce que ces mythes soul\u00e8vent comme r\u00e9flexion sur la condition humaine, les relations de l\u2019homme avec ses semblables, le divin et la nature.<\/p>\n<p style=\"font-weight: 400;\">Animateur : <strong>Germain Derome<\/strong>, professeur de philosophie et d\u2019\u00e9tudes classiques, retrait\u00e9 du coll\u00e8ge Br\u00e9beuf et de l\u2019Universit\u00e9 de Montr\u00e9al<\/p>\n<p style=\"font-weight: 400;\"><strong>Co\u00fbt\u00a0: 40 $ pour les personnes abonn\u00e9es<\/strong> (50 $ sans abonnement)<\/p>\n<div id=\"attachment_1743\" style=\"width: 227px\" class=\"wp-caption alignleft\"><img loading=\"lazy\" decoding=\"async\" aria-describedby=\"caption-attachment-1743\" class=\" wp-image-1743\" src=\"https:\/\/www.fondationculturellebrebeuf.org\/wp-content\/uploads\/2025\/08\/Promethee-enchaine-Un-aigle-devore-son-foie-Vase-a-figures-noires-vers-560-550-avant-J.-C.--300x207.png\" alt=\"\" width=\"217\" height=\"150\" \/><p id=\"caption-attachment-1743\" class=\"wp-caption-text\">Prom\u00e9th\u00e9e encha\u00een\u00e9 &#8211; Un aigle d\u00e9vore son foie. Vase \u00e0 figures noires, vers 550 av. J.-C.<\/p><\/div>\n<div id=\"attachment_1744\" style=\"width: 166px\" class=\"wp-caption alignleft\"><img loading=\"lazy\" decoding=\"async\" aria-describedby=\"caption-attachment-1744\" class=\" wp-image-1744\" src=\"https:\/\/www.fondationculturellebrebeuf.org\/wp-content\/uploads\/2025\/08\/Oedipe_Musee-du-Vatican-293x300.jpeg\" alt=\"\" width=\"156\" height=\"160\" \/><p id=\"caption-attachment-1744\" class=\"wp-caption-text\">Oedipe et l&rsquo;oracle, Palais du Vatican<\/p><\/div>\n<div id=\"attachment_1745\" style=\"width: 155px\" class=\"wp-caption alignleft\"><img loading=\"lazy\" decoding=\"async\" aria-describedby=\"caption-attachment-1745\" class=\" wp-image-1745\" src=\"https:\/\/www.fondationculturellebrebeuf.org\/wp-content\/uploads\/2025\/08\/Jason_Medea_Altemps_sarcophage_romain_fin_1er_siecle-269x300.jpg\" alt=\"\" width=\"145\" height=\"162\" \/><p id=\"caption-attachment-1745\" class=\"wp-caption-text\">Jason et M\u00e9d\u00e9e, sarcophage romain du 1er si\u00e8cle, Palais Altemps<\/p><\/div>\n<div id=\"attachment_1746\" style=\"width: 155px\" class=\"wp-caption alignleft\"><img loading=\"lazy\" decoding=\"async\" aria-describedby=\"caption-attachment-1746\" class=\" wp-image-1746\" src=\"https:\/\/www.fondationculturellebrebeuf.org\/wp-content\/uploads\/2025\/08\/Dionysos_satyrs_Cdm_Paris_575-300x300.jpg\" alt=\"\" width=\"145\" height=\"145\" \/><p id=\"caption-attachment-1746\" class=\"wp-caption-text\">Dionysos et Sil\u00e8ne. Int\u00e9rieur d&rsquo;une coupe attique \u00e0 figures rouges, vers 480 av. J.-C.<\/p><\/div>\n","protected":false},"excerpt":{"rendered":"<p>Les mercredis 1, 8, 15 et 22 octobre, de 12 h 30 \u00e0 14 h 20 en ligne via Zoom et en personne au local G1.133 Cette s\u00e9rie de cours [&hellip;]<\/p>\n","protected":false},"author":5,"featured_media":0,"template":"","meta":{"_et_pb_use_builder":"","_et_pb_old_content":"","_et_gb_content_width":"","_price":"","_stock":"","_tribe_ticket_header":"","_tribe_default_ticket_provider":"","_ticket_start_date":"","_ticket_end_date":"","_tribe_ticket_show_description":"","_tribe_ticket_show_not_going":false,"_tribe_ticket_use_global_stock":"","_tribe_ticket_global_stock_level":"","_global_stock_mode":"","_global_stock_cap":"","_tribe_rsvp_for_event":"","_tribe_ticket_going_count":"","_tribe_ticket_not_going_count":"","_tribe_tickets_list":"[]","_tribe_ticket_has_attendee_info_fields":false,"_tribe_events_status":"","_tribe_events_status_reason":"","footnotes":"","_tec_slr_enabled":"","_tec_slr_layout":""},"tags":[],"tribe_events_cat":[10],"class_list":["post-1918","tribe_events","type-tribe_events","status-publish","hentry","tribe_events_cat-cours","cat_cours"],"ticketed":false,"_links":{"self":[{"href":"https:\/\/www.fondationculturellebrebeuf.org\/index.php\/wp-json\/wp\/v2\/tribe_events\/1918","targetHints":{"allow":["GET"]}}],"collection":[{"href":"https:\/\/www.fondationculturellebrebeuf.org\/index.php\/wp-json\/wp\/v2\/tribe_events"}],"about":[{"href":"https:\/\/www.fondationculturellebrebeuf.org\/index.php\/wp-json\/wp\/v2\/types\/tribe_events"}],"author":[{"embeddable":true,"href":"https:\/\/www.fondationculturellebrebeuf.org\/index.php\/wp-json\/wp\/v2\/users\/5"}],"version-history":[{"count":1,"href":"https:\/\/www.fondationculturellebrebeuf.org\/index.php\/wp-json\/wp\/v2\/tribe_events\/1918\/revisions"}],"predecessor-version":[{"id":1919,"href":"https:\/\/www.fondationculturellebrebeuf.org\/index.php\/wp-json\/wp\/v2\/tribe_events\/1918\/revisions\/1919"}],"wp:attachment":[{"href":"https:\/\/www.fondationculturellebrebeuf.org\/index.php\/wp-json\/wp\/v2\/media?parent=1918"}],"wp:term":[{"taxonomy":"post_tag","embeddable":true,"href":"https:\/\/www.fondationculturellebrebeuf.org\/index.php\/wp-json\/wp\/v2\/tags?post=1918"},{"taxonomy":"tribe_events_cat","embeddable":true,"href":"https:\/\/www.fondationculturellebrebeuf.org\/index.php\/wp-json\/wp\/v2\/tribe_events_cat?post=1918"}],"curies":[{"name":"wp","href":"https:\/\/api.w.org\/{rel}","templated":true}]}}